{"id":64392,"date":"2024-01-23T22:00:44","date_gmt":"2024-01-23T21:00:44","guid":{"rendered":"https:\/\/noyon-tourisme.com\/?page_id=64392"},"modified":"2024-02-27T09:16:01","modified_gmt":"2024-02-27T08:16:01","slug":"agenda","status":"publish","type":"page","link":"https:\/\/noyon-tourisme.com\/en\/agenda\/","title":{"rendered":"Agenda"},"content":{"rendered":"<div data-elementor-type=\"wp-page\" data-elementor-id=\"64392\" class=\"elementor elementor-64392\" data-elementor-post-type=\"page\">\n\t\t\t\t<div class=\"elementor-element elementor-element-2845fd3 e-con-full e-flex e-con e-parent\" data-id=\"2845fd3\" data-element_type=\"container\">\n\t\t\t\t<div class=\"elementor-element elementor-element-307fee6 elementor--h-position-center elementor--v-position-middle elementor-widget elementor-widget-slides\" data-id=\"307fee6\" data-element_type=\"widget\" data-settings=\"{&quot;navigation&quot;:&quot;none&quot;,&quot;transition&quot;:&quot;slide&quot;,&quot;transition_speed&quot;:500}\" data-widget_type=\"slides.default\">\n\t\t\t\t<div class=\"elementor-widget-container\">\n\t\t\t\t\t\t\t\t\t<div class=\"elementor-swiper\">\n\t\t\t\t\t<div class=\"elementor-slides-wrapper elementor-main-swiper swiper\" role=\"region\" aria-roledescription=\"carousel\" aria-label=\"Slides\" dir=\"ltr\" data-animation=\"fadeInUp\">\n\t\t\t\t<div class=\"swiper-wrapper elementor-slides\">\n\t\t\t\t\t\t\t\t\t\t<div class=\"elementor-repeater-item-abb3c05 swiper-slide\" role=\"group\" aria-roledescription=\"slide\"><div class=\"swiper-slide-bg\" role=\"img\"><\/div><div class=\"swiper-slide-inner\" ><div class=\"swiper-slide-contents\"><div class=\"elementor-slide-heading\">Agenda<\/div><\/div><\/div><\/div>\t\t\t\t<\/div>\n\t\t\t\t\t\t\t<\/div>\n\t\t\t\t<\/div>\n\t\t\t\t\t\t\t\t<\/div>\n\t\t\t\t<\/div>\n\t\t\t\t<\/div>\n\t\t<div class=\"elementor-element elementor-element-284ce54 e-flex e-con-boxed e-con e-parent\" data-id=\"284ce54\" data-element_type=\"container\">\n\t\t\t\t\t<div class=\"e-con-inner\">\n\t\t\t\t<div class=\"elementor-element elementor-element-be79ae6 elementor-widget elementor-widget-MEC\" data-id=\"be79ae6\" data-element_type=\"widget\" data-widget_type=\"MEC.default\">\n\t\t\t\t<div class=\"elementor-widget-container\">\n\t\t\t\t\t<div class=\"mec-wrap mec-skin-grid-container\" id=\"mec_skin_64401\">\r\n\r\n    \r\n            <div class=\"mec-skin-grid-events-container\" id=\"mec_skin_events_64401\">\r\n        <div class=\"mec-wrap colorskin-custom\">\r\n    <div class=\"mec-event-grid-classic\" data-widget-autoplay=\"1\" data-widget-loop=\"1\" data-widget-autoplay-time=\"3000\">\r\n        <div class=\"row\"><div class=\"col-md-4 col-sm-4\"><article class=\"mec-event-article mec-clear\" itemscope>                    <div class=\"mec-event-image\"><a data-event-id=\"1008310\" href=\"https:\/\/noyon-tourisme.com\/en\/evenements\/exposition-renaissances-sauvages\/\" target=\"_self\" rel=\"noopener\"><img fetchpriority=\"high\" decoding=\"async\" width=\"225\" height=\"300\" src=\"https:\/\/noyon-tourisme.com\/wp-content\/uploads\/2026\/04\/exposition-renaissances-sauvages-225x300.jpg\" class=\"attachment-medium size-medium wp-post-image\" alt=\"\" data-mec-postid=\"1008310\" title=\"\" \/><\/a><\/div>\r\n                        <div class=\"mec-event-content\">\r\n                                    <div class=\"mec-event-date mec-bg-color\">\r\n                        <span class=\"mec-start-date-label\">29 April 2026<\/span><span class=\"mec-end-date-label\" itemprop=\"endDate\"> - 26 June 2026<\/span>                                                                    <\/div>\r\n                                                                <h4 class=\"mec-event-title\"><a class=\"mec-color-hover\" data-event-id=\"1008310\" href=\"https:\/\/noyon-tourisme.com\/en\/evenements\/exposition-renaissances-sauvages\/\" target=\"_self\" rel=\"noopener\">Exposition : Renaissances Sauvages<\/a><\/h4>\r\n                                <p class=\"mec-grid-event-location\">Galerie des Faiseurs d'Art, 14 Place Aristide Briand, 60400 NOYON<\/p>\r\n                                                                            <\/div>\r\n            <div class=\"mec-event-footer\">\r\n                                <ul class=\"mec-event-sharing-wrap\">\r\n                    <li class=\"mec-event-share\">\r\n                        <a href=\"#\" class=\"mec-event-share-icon\">\r\n                            <i class=\"mec-sl-share\" title=\"Share\" alt=\"Share\"><\/i>\r\n                        <\/a>\r\n                    <\/li>\r\n                    <li>\r\n                        <ul class=\"mec-event-sharing\">\r\n                            <li class=\"mec-event-social-icon\"><a class=\"facebook\" href=\"https:\/\/www.facebook.com\/sharer\/sharer.php?u=https%3A%2F%2Fnoyon-tourisme.com%2Fen%2Fevenements%2Fexposition-renaissances-sauvages%2F\" onclick=\"javascript:window.open(this.href, '', 'menubar=no,toolbar=no,resizable=yes,scrollbars=yes,height=500,width=600'); return false;\" target=\"_blank\" title=\"Share on Facebook\"><i class=\"mec-fa-facebook\"><\/i><span class=\"mec-social-title\">Facebook<\/span><\/a><\/li><li class=\"mec-event-social-icon\"><a class=\"whatsapp\" href=\"https:\/\/api.whatsapp.com\/send?text=https%3A%2F%2Fnoyon-tourisme.com%2Fen%2Fevenements%2Fexposition-renaissances-sauvages%2F\" target=\"_blank\" title=\"Share on WhatsApp\"><i class=\"mec-fa-whatsapp\"><\/i><span class=\"mec-social-title\">WhatsApp<\/span><\/a><\/li><li class=\"mec-event-social-icon\"><a class=\"email\" href=\"mailto:?subject=Exposition : Renaissances Sauvages&body=https:\/\/noyon-tourisme.com\/en\/evenements\/exposition-renaissances-sauvages\/\" title=\"Email\"><i class=\"mec-fa-envelope\"><\/i><span class=\"mec-social-title\">Email<\/span><\/a><\/li>                        <\/ul>\r\n                    <\/li>\r\n                <\/ul>\r\n                                                <a class=\"mec-booking-button\" data-event-id=\"1008310\" href=\"https:\/\/noyon-tourisme.com\/en\/evenements\/exposition-renaissances-sauvages\/\" target=\"_self\" rel=\"noopener\">En savoir plus<\/a>            <\/div>\r\n        <\/article><\/div>                <div class=\"col-md-4 col-sm-4\"><article class=\"mec-event-article mec-clear\" itemscope>                    <div class=\"mec-event-image\"><a data-event-id=\"603920\" href=\"https:\/\/noyon-tourisme.com\/en\/evenements\/retour-a-ithaque-631-900-768-873-448-597-512-343-799-860-707-230-780-101-741-127-209-873-784\/\" target=\"_self\" rel=\"noopener\"><img decoding=\"async\" width=\"300\" height=\"171\" src=\"https:\/\/noyon-tourisme.com\/wp-content\/uploads\/2025\/09\/alain-chamfort-300x171.png\" class=\"attachment-medium size-medium wp-post-image\" alt=\"\" data-mec-postid=\"603920\" title=\"\" \/><\/a><\/div>\r\n                        <div class=\"mec-event-content\">\r\n                                    <div class=\"mec-event-date mec-bg-color\">\r\n                        <span class=\"mec-start-date-label\">30 April 2026<\/span>                                                                    <\/div>\r\n                                                                <h4 class=\"mec-event-title\"><a class=\"mec-color-hover\" data-event-id=\"603920\" href=\"https:\/\/noyon-tourisme.com\/en\/evenements\/retour-a-ithaque-631-900-768-873-448-597-512-343-799-860-707-230-780-101-741-127-209-873-784\/\" target=\"_self\" rel=\"noopener\">Alain Chamfort<\/a><\/h4>\r\n                                <p class=\"mec-grid-event-location\">Th\u00e9\u00e2tre du Chevalet, 6 Place Aristide Briand, 60400 Noyon<\/p>\r\n                                                                            <\/div>\r\n            <div class=\"mec-event-footer\">\r\n                                <ul class=\"mec-event-sharing-wrap\">\r\n                    <li class=\"mec-event-share\">\r\n                        <a href=\"#\" class=\"mec-event-share-icon\">\r\n                            <i class=\"mec-sl-share\" title=\"Share\" alt=\"Share\"><\/i>\r\n                        <\/a>\r\n                    <\/li>\r\n                    <li>\r\n                        <ul class=\"mec-event-sharing\">\r\n                            <li class=\"mec-event-social-icon\"><a class=\"facebook\" href=\"https:\/\/www.facebook.com\/sharer\/sharer.php?u=https%3A%2F%2Fnoyon-tourisme.com%2Fen%2Fevenements%2Fretour-a-ithaque-631-900-768-873-448-597-512-343-799-860-707-230-780-101-741-127-209-873-784%2F\" onclick=\"javascript:window.open(this.href, '', 'menubar=no,toolbar=no,resizable=yes,scrollbars=yes,height=500,width=600'); return false;\" target=\"_blank\" title=\"Share on Facebook\"><i class=\"mec-fa-facebook\"><\/i><span class=\"mec-social-title\">Facebook<\/span><\/a><\/li><li class=\"mec-event-social-icon\"><a class=\"whatsapp\" href=\"https:\/\/api.whatsapp.com\/send?text=https%3A%2F%2Fnoyon-tourisme.com%2Fen%2Fevenements%2Fretour-a-ithaque-631-900-768-873-448-597-512-343-799-860-707-230-780-101-741-127-209-873-784%2F\" target=\"_blank\" title=\"Share on WhatsApp\"><i class=\"mec-fa-whatsapp\"><\/i><span class=\"mec-social-title\">WhatsApp<\/span><\/a><\/li><li class=\"mec-event-social-icon\"><a class=\"email\" href=\"mailto:?subject=Alain Chamfort&body=https:\/\/noyon-tourisme.com\/en\/evenements\/retour-a-ithaque-631-900-768-873-448-597-512-343-799-860-707-230-780-101-741-127-209-873-784\/\" title=\"Email\"><i class=\"mec-fa-envelope\"><\/i><span class=\"mec-social-title\">Email<\/span><\/a><\/li>                        <\/ul>\r\n                    <\/li>\r\n                <\/ul>\r\n                                                <a class=\"mec-booking-button\" data-event-id=\"603920\" href=\"https:\/\/noyon-tourisme.com\/en\/evenements\/retour-a-ithaque-631-900-768-873-448-597-512-343-799-860-707-230-780-101-741-127-209-873-784\/\" target=\"_self\" rel=\"noopener\">En savoir plus<\/a>            <\/div>\r\n        <\/article><\/div>                <div class=\"col-md-4 col-sm-4\"><article class=\"mec-event-article mec-clear\" itemscope>                    <div class=\"mec-event-image\"><a data-event-id=\"118931\" href=\"https:\/\/noyon-tourisme.com\/en\/evenements\/brocante-a-guiscard\/\" target=\"_self\" rel=\"noopener\"><img decoding=\"async\" width=\"213\" height=\"300\" src=\"https:\/\/noyon-tourisme.com\/wp-content\/uploads\/2024\/03\/marche-aux-fleur-brocante-guiscvrad-1er-mai-213x300.jpg\" class=\"attachment-medium size-medium wp-post-image\" alt=\"\" data-mec-postid=\"118931\" title=\"Screenshot\" \/><\/a><\/div>\r\n                        <div class=\"mec-event-content\">\r\n                                    <div class=\"mec-event-date mec-bg-color\">\r\n                        <span class=\"mec-start-date-label\">01 May 2026<\/span>                                                                    <\/div>\r\n                                                                <h4 class=\"mec-event-title\"><a class=\"mec-color-hover\" data-event-id=\"118931\" href=\"https:\/\/noyon-tourisme.com\/en\/evenements\/brocante-a-guiscard\/\" target=\"_self\" rel=\"noopener\">Brocante \u00e0 Guiscard<\/a><\/h4>\r\n                                <p class=\"mec-grid-event-location\"><\/p>\r\n                                                                            <\/div>\r\n            <div class=\"mec-event-footer\">\r\n                                <ul class=\"mec-event-sharing-wrap\">\r\n                    <li class=\"mec-event-share\">\r\n                        <a href=\"#\" class=\"mec-event-share-icon\">\r\n                            <i class=\"mec-sl-share\" title=\"Share\" alt=\"Share\"><\/i>\r\n                        <\/a>\r\n                    <\/li>\r\n                    <li>\r\n                        <ul class=\"mec-event-sharing\">\r\n                            <li class=\"mec-event-social-icon\"><a class=\"facebook\" href=\"https:\/\/www.facebook.com\/sharer\/sharer.php?u=https%3A%2F%2Fnoyon-tourisme.com%2Fen%2Fevenements%2Fbrocante-a-guiscard%2F\" onclick=\"javascript:window.open(this.href, '', 'menubar=no,toolbar=no,resizable=yes,scrollbars=yes,height=500,width=600'); return false;\" target=\"_blank\" title=\"Share on Facebook\"><i class=\"mec-fa-facebook\"><\/i><span class=\"mec-social-title\">Facebook<\/span><\/a><\/li><li class=\"mec-event-social-icon\"><a class=\"whatsapp\" href=\"https:\/\/api.whatsapp.com\/send?text=https%3A%2F%2Fnoyon-tourisme.com%2Fen%2Fevenements%2Fbrocante-a-guiscard%2F\" target=\"_blank\" title=\"Share on WhatsApp\"><i class=\"mec-fa-whatsapp\"><\/i><span class=\"mec-social-title\">WhatsApp<\/span><\/a><\/li><li class=\"mec-event-social-icon\"><a class=\"email\" href=\"mailto:?subject=Brocante \u00e0 Guiscard&body=https:\/\/noyon-tourisme.com\/en\/evenements\/brocante-a-guiscard\/\" title=\"Email\"><i class=\"mec-fa-envelope\"><\/i><span class=\"mec-social-title\">Email<\/span><\/a><\/li>                        <\/ul>\r\n                    <\/li>\r\n                <\/ul>\r\n                                                <a class=\"mec-booking-button\" data-event-id=\"118931\" href=\"https:\/\/noyon-tourisme.com\/en\/evenements\/brocante-a-guiscard\/\" target=\"_self\" rel=\"noopener\">En savoir plus<\/a>            <\/div>\r\n        <\/article><\/div><\/div>        <div class=\"row\"><div class=\"col-md-4 col-sm-4\"><article class=\"mec-event-article mec-clear\" itemscope>                    <div class=\"mec-event-image\"><a data-event-id=\"993750\" href=\"https:\/\/noyon-tourisme.com\/en\/evenements\/marche-du-1er-mai\/\" target=\"_self\" rel=\"noopener\"><img loading=\"lazy\" decoding=\"async\" width=\"200\" height=\"300\" src=\"https:\/\/noyon-tourisme.com\/wp-content\/uploads\/2026\/04\/marche-du-1er-mai-sempigny-200x300.jpg\" class=\"attachment-medium size-medium wp-post-image\" alt=\"\" data-mec-postid=\"993750\" title=\"\" \/><\/a><\/div>\r\n                        <div class=\"mec-event-content\">\r\n                                    <div class=\"mec-event-date mec-bg-color\">\r\n                        <span class=\"mec-start-date-label\">01 May 2026<\/span>                                                                    <\/div>\r\n                                                                <h4 class=\"mec-event-title\"><a class=\"mec-color-hover\" data-event-id=\"993750\" href=\"https:\/\/noyon-tourisme.com\/en\/evenements\/marche-du-1er-mai\/\" target=\"_self\" rel=\"noopener\">Marche du 1er mai<\/a><\/h4>\r\n                                <p class=\"mec-grid-event-location\"><\/p>\r\n                                                                            <\/div>\r\n            <div class=\"mec-event-footer\">\r\n                                <ul class=\"mec-event-sharing-wrap\">\r\n                    <li class=\"mec-event-share\">\r\n                        <a href=\"#\" class=\"mec-event-share-icon\">\r\n                            <i class=\"mec-sl-share\" title=\"Share\" alt=\"Share\"><\/i>\r\n                        <\/a>\r\n                    <\/li>\r\n                    <li>\r\n                        <ul class=\"mec-event-sharing\">\r\n                            <li class=\"mec-event-social-icon\"><a class=\"facebook\" href=\"https:\/\/www.facebook.com\/sharer\/sharer.php?u=https%3A%2F%2Fnoyon-tourisme.com%2Fen%2Fevenements%2Fmarche-du-1er-mai%2F\" onclick=\"javascript:window.open(this.href, '', 'menubar=no,toolbar=no,resizable=yes,scrollbars=yes,height=500,width=600'); return false;\" target=\"_blank\" title=\"Share on Facebook\"><i class=\"mec-fa-facebook\"><\/i><span class=\"mec-social-title\">Facebook<\/span><\/a><\/li><li class=\"mec-event-social-icon\"><a class=\"whatsapp\" href=\"https:\/\/api.whatsapp.com\/send?text=https%3A%2F%2Fnoyon-tourisme.com%2Fen%2Fevenements%2Fmarche-du-1er-mai%2F\" target=\"_blank\" title=\"Share on WhatsApp\"><i class=\"mec-fa-whatsapp\"><\/i><span class=\"mec-social-title\">WhatsApp<\/span><\/a><\/li><li class=\"mec-event-social-icon\"><a class=\"email\" href=\"mailto:?subject=Marche du 1er mai&body=https:\/\/noyon-tourisme.com\/en\/evenements\/marche-du-1er-mai\/\" title=\"Email\"><i class=\"mec-fa-envelope\"><\/i><span class=\"mec-social-title\">Email<\/span><\/a><\/li>                        <\/ul>\r\n                    <\/li>\r\n                <\/ul>\r\n                                                <a class=\"mec-booking-button\" data-event-id=\"993750\" href=\"https:\/\/noyon-tourisme.com\/en\/evenements\/marche-du-1er-mai\/\" target=\"_self\" rel=\"noopener\">En savoir plus<\/a>            <\/div>\r\n        <\/article><\/div>        <div class=\"col-md-4 col-sm-4\"><article class=\"mec-event-article mec-clear\" itemscope>                    <div class=\"mec-event-image\"><a data-event-id=\"985307\" href=\"https:\/\/noyon-tourisme.com\/en\/evenements\/exposition-au-mont-renaud-les-20-et-21-septembre-2025-359\/\" target=\"_self\" rel=\"noopener\"><img loading=\"lazy\" decoding=\"async\" width=\"212\" height=\"300\" src=\"https:\/\/noyon-tourisme.com\/wp-content\/uploads\/2026\/04\/Affiche-expo-1-pdf-212x300.jpg\" class=\"attachment-medium size-medium wp-post-image\" alt=\"\" data-mec-postid=\"985307\" title=\"\" \/><\/a><\/div>\r\n                        <div class=\"mec-event-content\">\r\n                                    <div class=\"mec-event-date mec-bg-color\">\r\n                        <span class=\"mec-start-date-label\">01 - 03 May 2026<\/span>                                                                    <\/div>\r\n                                                                <h4 class=\"mec-event-title\"><a class=\"mec-color-hover\" data-event-id=\"985307\" href=\"https:\/\/noyon-tourisme.com\/en\/evenements\/exposition-au-mont-renaud-les-20-et-21-septembre-2025-359\/\" target=\"_self\" rel=\"noopener\">Exposition au Mont Renaud<\/a><\/h4>\r\n                                <p class=\"mec-grid-event-location\"><\/p>\r\n                                                                            <\/div>\r\n            <div class=\"mec-event-footer\">\r\n                                <ul class=\"mec-event-sharing-wrap\">\r\n                    <li class=\"mec-event-share\">\r\n                        <a href=\"#\" class=\"mec-event-share-icon\">\r\n                            <i class=\"mec-sl-share\" title=\"Share\" alt=\"Share\"><\/i>\r\n                        <\/a>\r\n                    <\/li>\r\n                    <li>\r\n                        <ul class=\"mec-event-sharing\">\r\n                            <li class=\"mec-event-social-icon\"><a class=\"facebook\" href=\"https:\/\/www.facebook.com\/sharer\/sharer.php?u=https%3A%2F%2Fnoyon-tourisme.com%2Fen%2Fevenements%2Fexposition-au-mont-renaud-les-20-et-21-septembre-2025-359%2F\" onclick=\"javascript:window.open(this.href, '', 'menubar=no,toolbar=no,resizable=yes,scrollbars=yes,height=500,width=600'); return false;\" target=\"_blank\" title=\"Share on Facebook\"><i class=\"mec-fa-facebook\"><\/i><span class=\"mec-social-title\">Facebook<\/span><\/a><\/li><li class=\"mec-event-social-icon\"><a class=\"whatsapp\" href=\"https:\/\/api.whatsapp.com\/send?text=https%3A%2F%2Fnoyon-tourisme.com%2Fen%2Fevenements%2Fexposition-au-mont-renaud-les-20-et-21-septembre-2025-359%2F\" target=\"_blank\" title=\"Share on WhatsApp\"><i class=\"mec-fa-whatsapp\"><\/i><span class=\"mec-social-title\">WhatsApp<\/span><\/a><\/li><li class=\"mec-event-social-icon\"><a class=\"email\" href=\"mailto:?subject=Exposition au Mont Renaud&body=https:\/\/noyon-tourisme.com\/en\/evenements\/exposition-au-mont-renaud-les-20-et-21-septembre-2025-359\/\" title=\"Email\"><i class=\"mec-fa-envelope\"><\/i><span class=\"mec-social-title\">Email<\/span><\/a><\/li>                        <\/ul>\r\n                    <\/li>\r\n                <\/ul>\r\n                                                <a class=\"mec-booking-button\" data-event-id=\"985307\" href=\"https:\/\/noyon-tourisme.com\/en\/evenements\/exposition-au-mont-renaud-les-20-et-21-septembre-2025-359\/\" target=\"_self\" rel=\"noopener\">En savoir plus<\/a>            <\/div>\r\n        <\/article><\/div>                <div class=\"col-md-4 col-sm-4\"><article class=\"mec-event-article mec-clear\" itemscope>                    <div class=\"mec-event-image\"><a data-event-id=\"603994\" href=\"https:\/\/noyon-tourisme.com\/en\/evenements\/retour-a-ithaque-631-900-768-873-448-597-512-343-799-860-707-230-780-101-741-127-209-873-784-837\/\" target=\"_self\" rel=\"noopener\"><img loading=\"lazy\" decoding=\"async\" width=\"300\" height=\"171\" src=\"https:\/\/noyon-tourisme.com\/wp-content\/uploads\/2025\/09\/en-attendant-le-grand-soir-300x171.png\" class=\"attachment-medium size-medium wp-post-image\" alt=\"\" data-mec-postid=\"603994\" title=\"\" \/><\/a><\/div>\r\n                        <div class=\"mec-event-content\">\r\n                                    <div class=\"mec-event-date mec-bg-color\">\r\n                        <span class=\"mec-start-date-label\">07 May 2026<\/span>                                                                    <\/div>\r\n                                                                <h4 class=\"mec-event-title\"><a class=\"mec-color-hover\" data-event-id=\"603994\" href=\"https:\/\/noyon-tourisme.com\/en\/evenements\/retour-a-ithaque-631-900-768-873-448-597-512-343-799-860-707-230-780-101-741-127-209-873-784-837\/\" target=\"_self\" rel=\"noopener\">En attendant le grand soir<\/a><\/h4>\r\n                                <p class=\"mec-grid-event-location\">Th\u00e9\u00e2tre du Chevalet, 6 Place Aristide Briand, 60400 Noyon<\/p>\r\n                                                                            <\/div>\r\n            <div class=\"mec-event-footer\">\r\n                                <ul class=\"mec-event-sharing-wrap\">\r\n                    <li class=\"mec-event-share\">\r\n                        <a href=\"#\" class=\"mec-event-share-icon\">\r\n                            <i class=\"mec-sl-share\" title=\"Share\" alt=\"Share\"><\/i>\r\n                        <\/a>\r\n                    <\/li>\r\n                    <li>\r\n                        <ul class=\"mec-event-sharing\">\r\n                            <li class=\"mec-event-social-icon\"><a class=\"facebook\" href=\"https:\/\/www.facebook.com\/sharer\/sharer.php?u=https%3A%2F%2Fnoyon-tourisme.com%2Fen%2Fevenements%2Fretour-a-ithaque-631-900-768-873-448-597-512-343-799-860-707-230-780-101-741-127-209-873-784-837%2F\" onclick=\"javascript:window.open(this.href, '', 'menubar=no,toolbar=no,resizable=yes,scrollbars=yes,height=500,width=600'); return false;\" target=\"_blank\" title=\"Share on Facebook\"><i class=\"mec-fa-facebook\"><\/i><span class=\"mec-social-title\">Facebook<\/span><\/a><\/li><li class=\"mec-event-social-icon\"><a class=\"whatsapp\" href=\"https:\/\/api.whatsapp.com\/send?text=https%3A%2F%2Fnoyon-tourisme.com%2Fen%2Fevenements%2Fretour-a-ithaque-631-900-768-873-448-597-512-343-799-860-707-230-780-101-741-127-209-873-784-837%2F\" target=\"_blank\" title=\"Share on WhatsApp\"><i class=\"mec-fa-whatsapp\"><\/i><span class=\"mec-social-title\">WhatsApp<\/span><\/a><\/li><li class=\"mec-event-social-icon\"><a class=\"email\" href=\"mailto:?subject=En attendant le grand soir&body=https:\/\/noyon-tourisme.com\/en\/evenements\/retour-a-ithaque-631-900-768-873-448-597-512-343-799-860-707-230-780-101-741-127-209-873-784-837\/\" title=\"Email\"><i class=\"mec-fa-envelope\"><\/i><span class=\"mec-social-title\">Email<\/span><\/a><\/li>                        <\/ul>\r\n                    <\/li>\r\n                <\/ul>\r\n                                                <a class=\"mec-booking-button\" data-event-id=\"603994\" href=\"https:\/\/noyon-tourisme.com\/en\/evenements\/retour-a-ithaque-631-900-768-873-448-597-512-343-799-860-707-230-780-101-741-127-209-873-784-837\/\" target=\"_self\" rel=\"noopener\">En savoir plus<\/a>            <\/div>\r\n        <\/article><\/div><\/div>                <div class=\"row\"><div class=\"col-md-4 col-sm-4\"><article class=\"mec-event-article mec-clear\" itemscope>                    <div class=\"mec-event-image\"><a data-event-id=\"424696\" href=\"https:\/\/noyon-tourisme.com\/en\/evenements\/brocante-du-rugby-club-noyon\/\" target=\"_self\" rel=\"noopener\"><img loading=\"lazy\" decoding=\"async\" width=\"240\" height=\"300\" src=\"https:\/\/noyon-tourisme.com\/wp-content\/uploads\/2025\/03\/brocante-du-8-mai-240x300.jpg\" class=\"attachment-medium size-medium wp-post-image\" alt=\"\" data-mec-postid=\"424696\" title=\"\" \/><\/a><\/div>\r\n                        <div class=\"mec-event-content\">\r\n                                    <div class=\"mec-event-date mec-bg-color\">\r\n                        <span class=\"mec-start-date-label\">08 May 2026<\/span>                                                                    <\/div>\r\n                                                                <h4 class=\"mec-event-title\"><a class=\"mec-color-hover\" data-event-id=\"424696\" href=\"https:\/\/noyon-tourisme.com\/en\/evenements\/brocante-du-rugby-club-noyon\/\" target=\"_self\" rel=\"noopener\">Brocante du Rugby Club Noyon<\/a><\/h4>\r\n                                <p class=\"mec-grid-event-location\"><\/p>\r\n                                                                            <\/div>\r\n            <div class=\"mec-event-footer\">\r\n                                <ul class=\"mec-event-sharing-wrap\">\r\n                    <li class=\"mec-event-share\">\r\n                        <a href=\"#\" class=\"mec-event-share-icon\">\r\n                            <i class=\"mec-sl-share\" title=\"Share\" alt=\"Share\"><\/i>\r\n                        <\/a>\r\n                    <\/li>\r\n                    <li>\r\n                        <ul class=\"mec-event-sharing\">\r\n                            <li class=\"mec-event-social-icon\"><a class=\"facebook\" href=\"https:\/\/www.facebook.com\/sharer\/sharer.php?u=https%3A%2F%2Fnoyon-tourisme.com%2Fen%2Fevenements%2Fbrocante-du-rugby-club-noyon%2F\" onclick=\"javascript:window.open(this.href, '', 'menubar=no,toolbar=no,resizable=yes,scrollbars=yes,height=500,width=600'); return false;\" target=\"_blank\" title=\"Share on Facebook\"><i class=\"mec-fa-facebook\"><\/i><span class=\"mec-social-title\">Facebook<\/span><\/a><\/li><li class=\"mec-event-social-icon\"><a class=\"whatsapp\" href=\"https:\/\/api.whatsapp.com\/send?text=https%3A%2F%2Fnoyon-tourisme.com%2Fen%2Fevenements%2Fbrocante-du-rugby-club-noyon%2F\" target=\"_blank\" title=\"Share on WhatsApp\"><i class=\"mec-fa-whatsapp\"><\/i><span class=\"mec-social-title\">WhatsApp<\/span><\/a><\/li><li class=\"mec-event-social-icon\"><a class=\"email\" href=\"mailto:?subject=Brocante du Rugby Club Noyon&body=https:\/\/noyon-tourisme.com\/en\/evenements\/brocante-du-rugby-club-noyon\/\" title=\"Email\"><i class=\"mec-fa-envelope\"><\/i><span class=\"mec-social-title\">Email<\/span><\/a><\/li>                        <\/ul>\r\n                    <\/li>\r\n                <\/ul>\r\n                                                <a class=\"mec-booking-button\" data-event-id=\"424696\" href=\"https:\/\/noyon-tourisme.com\/en\/evenements\/brocante-du-rugby-club-noyon\/\" target=\"_self\" rel=\"noopener\">En savoir plus<\/a>            <\/div>\r\n        <\/article><\/div>                <div class=\"col-md-4 col-sm-4\"><article class=\"mec-event-article mec-clear\" itemscope>                    <div class=\"mec-event-image\"><a data-event-id=\"1008487\" href=\"https:\/\/noyon-tourisme.com\/en\/evenements\/concert-tout-feu-tout-flamme-par-lorchestre-dharmonie-de-noyon-762\/\" target=\"_self\" rel=\"noopener\"><img loading=\"lazy\" decoding=\"async\" width=\"300\" height=\"200\" src=\"https:\/\/noyon-tourisme.com\/wp-content\/uploads\/2026\/04\/concert-du-10-mai-300x200.jpg\" class=\"attachment-medium size-medium wp-post-image\" alt=\"\" data-mec-postid=\"1008487\" title=\"\" \/><\/a><\/div>\r\n                        <div class=\"mec-event-content\">\r\n                                    <div class=\"mec-event-date mec-bg-color\">\r\n                        <span class=\"mec-start-date-label\">10 May 2026<\/span>                                                                    <\/div>\r\n                                                                <h4 class=\"mec-event-title\"><a class=\"mec-color-hover\" data-event-id=\"1008487\" href=\"https:\/\/noyon-tourisme.com\/en\/evenements\/concert-tout-feu-tout-flamme-par-lorchestre-dharmonie-de-noyon-762\/\" target=\"_self\" rel=\"noopener\">Concert de Printemps de d\u2019harmonie de Noyon<\/a><\/h4>\r\n                                <p class=\"mec-grid-event-location\">Th\u00e9\u00e2tre du Chevalet, 6 Place Aristide Briand, 60400 Noyon<\/p>\r\n                                                                            <\/div>\r\n            <div class=\"mec-event-footer\">\r\n                                <ul class=\"mec-event-sharing-wrap\">\r\n                    <li class=\"mec-event-share\">\r\n                        <a href=\"#\" class=\"mec-event-share-icon\">\r\n                            <i class=\"mec-sl-share\" title=\"Share\" alt=\"Share\"><\/i>\r\n                        <\/a>\r\n                    <\/li>\r\n                    <li>\r\n                        <ul class=\"mec-event-sharing\">\r\n                            <li class=\"mec-event-social-icon\"><a class=\"facebook\" href=\"https:\/\/www.facebook.com\/sharer\/sharer.php?u=https%3A%2F%2Fnoyon-tourisme.com%2Fen%2Fevenements%2Fconcert-tout-feu-tout-flamme-par-lorchestre-dharmonie-de-noyon-762%2F\" onclick=\"javascript:window.open(this.href, '', 'menubar=no,toolbar=no,resizable=yes,scrollbars=yes,height=500,width=600'); return false;\" target=\"_blank\" title=\"Share on Facebook\"><i class=\"mec-fa-facebook\"><\/i><span class=\"mec-social-title\">Facebook<\/span><\/a><\/li><li class=\"mec-event-social-icon\"><a class=\"whatsapp\" href=\"https:\/\/api.whatsapp.com\/send?text=https%3A%2F%2Fnoyon-tourisme.com%2Fen%2Fevenements%2Fconcert-tout-feu-tout-flamme-par-lorchestre-dharmonie-de-noyon-762%2F\" target=\"_blank\" title=\"Share on WhatsApp\"><i class=\"mec-fa-whatsapp\"><\/i><span class=\"mec-social-title\">WhatsApp<\/span><\/a><\/li><li class=\"mec-event-social-icon\"><a class=\"email\" href=\"mailto:?subject=Concert de Printemps de d\u2019harmonie de Noyon&body=https:\/\/noyon-tourisme.com\/en\/evenements\/concert-tout-feu-tout-flamme-par-lorchestre-dharmonie-de-noyon-762\/\" title=\"Email\"><i class=\"mec-fa-envelope\"><\/i><span class=\"mec-social-title\">Email<\/span><\/a><\/li>                        <\/ul>\r\n                    <\/li>\r\n                <\/ul>\r\n                                                <a class=\"mec-booking-button\" data-event-id=\"1008487\" href=\"https:\/\/noyon-tourisme.com\/en\/evenements\/concert-tout-feu-tout-flamme-par-lorchestre-dharmonie-de-noyon-762\/\" target=\"_self\" rel=\"noopener\">En savoir plus<\/a>            <\/div>\r\n        <\/article><\/div>        <div class=\"col-md-4 col-sm-4\"><article class=\"mec-event-article mec-clear\" itemscope>                    <div class=\"mec-event-image\"><a data-event-id=\"1008487\" href=\"https:\/\/noyon-tourisme.com\/en\/evenements\/concert-tout-feu-tout-flamme-par-lorchestre-dharmonie-de-noyon-762\/\" target=\"_self\" rel=\"noopener\"><img loading=\"lazy\" decoding=\"async\" width=\"300\" height=\"200\" src=\"https:\/\/noyon-tourisme.com\/wp-content\/uploads\/2026\/04\/concert-du-10-mai-300x200.jpg\" class=\"attachment-medium size-medium wp-post-image\" alt=\"\" data-mec-postid=\"1008487\" title=\"\" \/><\/a><\/div>\r\n                        <div class=\"mec-event-content\">\r\n                                    <div class=\"mec-event-date mec-bg-color\">\r\n                        <span class=\"mec-start-date-label\">10 May 2026<\/span>                                                                    <\/div>\r\n                                                                <h4 class=\"mec-event-title\"><a class=\"mec-color-hover\" data-event-id=\"1008487\" href=\"https:\/\/noyon-tourisme.com\/en\/evenements\/concert-tout-feu-tout-flamme-par-lorchestre-dharmonie-de-noyon-762\/\" target=\"_self\" rel=\"noopener\">Concert de Printemps de d\u2019harmonie de Noyon<\/a><\/h4>\r\n                                <p class=\"mec-grid-event-location\">Th\u00e9\u00e2tre du Chevalet, 6 Place Aristide Briand, 60400 Noyon<\/p>\r\n                                                                            <\/div>\r\n            <div class=\"mec-event-footer\">\r\n                                <ul class=\"mec-event-sharing-wrap\">\r\n                    <li class=\"mec-event-share\">\r\n                        <a href=\"#\" class=\"mec-event-share-icon\">\r\n                            <i class=\"mec-sl-share\" title=\"Share\" alt=\"Share\"><\/i>\r\n                        <\/a>\r\n                    <\/li>\r\n                    <li>\r\n                        <ul class=\"mec-event-sharing\">\r\n                            <li class=\"mec-event-social-icon\"><a class=\"facebook\" href=\"https:\/\/www.facebook.com\/sharer\/sharer.php?u=https%3A%2F%2Fnoyon-tourisme.com%2Fen%2Fevenements%2Fconcert-tout-feu-tout-flamme-par-lorchestre-dharmonie-de-noyon-762%2F\" onclick=\"javascript:window.open(this.href, '', 'menubar=no,toolbar=no,resizable=yes,scrollbars=yes,height=500,width=600'); return false;\" target=\"_blank\" title=\"Share on Facebook\"><i class=\"mec-fa-facebook\"><\/i><span class=\"mec-social-title\">Facebook<\/span><\/a><\/li><li class=\"mec-event-social-icon\"><a class=\"whatsapp\" href=\"https:\/\/api.whatsapp.com\/send?text=https%3A%2F%2Fnoyon-tourisme.com%2Fen%2Fevenements%2Fconcert-tout-feu-tout-flamme-par-lorchestre-dharmonie-de-noyon-762%2F\" target=\"_blank\" title=\"Share on WhatsApp\"><i class=\"mec-fa-whatsapp\"><\/i><span class=\"mec-social-title\">WhatsApp<\/span><\/a><\/li><li class=\"mec-event-social-icon\"><a class=\"email\" href=\"mailto:?subject=Concert de Printemps de d\u2019harmonie de Noyon&body=https:\/\/noyon-tourisme.com\/en\/evenements\/concert-tout-feu-tout-flamme-par-lorchestre-dharmonie-de-noyon-762\/\" title=\"Email\"><i class=\"mec-fa-envelope\"><\/i><span class=\"mec-social-title\">Email<\/span><\/a><\/li>                        <\/ul>\r\n                    <\/li>\r\n                <\/ul>\r\n                                                <a class=\"mec-booking-button\" data-event-id=\"1008487\" href=\"https:\/\/noyon-tourisme.com\/en\/evenements\/concert-tout-feu-tout-flamme-par-lorchestre-dharmonie-de-noyon-762\/\" target=\"_self\" rel=\"noopener\">En savoir plus<\/a>            <\/div>\r\n        <\/article><\/div><\/div>                <div class=\"row\"><div class=\"col-md-4 col-sm-4\"><article class=\"mec-event-article mec-clear\" itemscope>                    <div class=\"mec-event-image\"><a data-event-id=\"879161\" href=\"https:\/\/noyon-tourisme.com\/en\/evenements\/conference-des-briques-pour-reconstruire-noyon\/\" target=\"_self\" rel=\"noopener\"><img loading=\"lazy\" decoding=\"async\" width=\"212\" height=\"300\" src=\"https:\/\/noyon-tourisme.com\/wp-content\/uploads\/2026\/02\/Conference-12-mai-212x300.jpg\" class=\"attachment-medium size-medium wp-post-image\" alt=\"\" data-mec-postid=\"879161\" title=\"\" \/><\/a><\/div>\r\n                        <div class=\"mec-event-content\">\r\n                                    <div class=\"mec-event-date mec-bg-color\">\r\n                        <span class=\"mec-start-date-label\">12 May 2026<\/span>                                                                    <\/div>\r\n                                                                <h4 class=\"mec-event-title\"><a class=\"mec-color-hover\" data-event-id=\"879161\" href=\"https:\/\/noyon-tourisme.com\/en\/evenements\/conference-des-briques-pour-reconstruire-noyon\/\" target=\"_self\" rel=\"noopener\">Conf\u00e9rence : Des briques pour reconstruire Noyon<\/a><\/h4>\r\n                                <p class=\"mec-grid-event-location\">Th\u00e9\u00e2tre du Chevalet, 6 Place Aristide Briand, 60400 Noyon<\/p>\r\n                                                                            <\/div>\r\n            <div class=\"mec-event-footer\">\r\n                                <ul class=\"mec-event-sharing-wrap\">\r\n                    <li class=\"mec-event-share\">\r\n                        <a href=\"#\" class=\"mec-event-share-icon\">\r\n                            <i class=\"mec-sl-share\" title=\"Share\" alt=\"Share\"><\/i>\r\n                        <\/a>\r\n                    <\/li>\r\n                    <li>\r\n                        <ul class=\"mec-event-sharing\">\r\n                            <li class=\"mec-event-social-icon\"><a class=\"facebook\" href=\"https:\/\/www.facebook.com\/sharer\/sharer.php?u=https%3A%2F%2Fnoyon-tourisme.com%2Fen%2Fevenements%2Fconference-des-briques-pour-reconstruire-noyon%2F\" onclick=\"javascript:window.open(this.href, '', 'menubar=no,toolbar=no,resizable=yes,scrollbars=yes,height=500,width=600'); return false;\" target=\"_blank\" title=\"Share on Facebook\"><i class=\"mec-fa-facebook\"><\/i><span class=\"mec-social-title\">Facebook<\/span><\/a><\/li><li class=\"mec-event-social-icon\"><a class=\"whatsapp\" href=\"https:\/\/api.whatsapp.com\/send?text=https%3A%2F%2Fnoyon-tourisme.com%2Fen%2Fevenements%2Fconference-des-briques-pour-reconstruire-noyon%2F\" target=\"_blank\" title=\"Share on WhatsApp\"><i class=\"mec-fa-whatsapp\"><\/i><span class=\"mec-social-title\">WhatsApp<\/span><\/a><\/li><li class=\"mec-event-social-icon\"><a class=\"email\" href=\"mailto:?subject=Conf\u00e9rence : Des briques pour reconstruire Noyon&body=https:\/\/noyon-tourisme.com\/en\/evenements\/conference-des-briques-pour-reconstruire-noyon\/\" title=\"Email\"><i class=\"mec-fa-envelope\"><\/i><span class=\"mec-social-title\">Email<\/span><\/a><\/li>                        <\/ul>\r\n                    <\/li>\r\n                <\/ul>\r\n                                                <a class=\"mec-booking-button\" data-event-id=\"879161\" href=\"https:\/\/noyon-tourisme.com\/en\/evenements\/conference-des-briques-pour-reconstruire-noyon\/\" target=\"_self\" rel=\"noopener\">En savoir plus<\/a>            <\/div>\r\n        <\/article><\/div>                <div class=\"col-md-4 col-sm-4\"><article class=\"mec-event-article mec-clear\" itemscope>                    <div class=\"mec-event-image\"><a data-event-id=\"962313\" href=\"https:\/\/noyon-tourisme.com\/en\/evenements\/brocante-a-crisolles-277\/\" target=\"_self\" rel=\"noopener\"><img loading=\"lazy\" decoding=\"async\" width=\"209\" height=\"300\" src=\"https:\/\/noyon-tourisme.com\/wp-content\/uploads\/2026\/04\/brocante-14-mai-appilly-209x300.jpg\" class=\"attachment-medium size-medium wp-post-image\" alt=\"\" data-mec-postid=\"962313\" title=\"\" \/><\/a><\/div>\r\n                        <div class=\"mec-event-content\">\r\n                                    <div class=\"mec-event-date mec-bg-color\">\r\n                        <span class=\"mec-start-date-label\">14 May 2026<\/span>                                                                    <\/div>\r\n                                                                <h4 class=\"mec-event-title\"><a class=\"mec-color-hover\" data-event-id=\"962313\" href=\"https:\/\/noyon-tourisme.com\/en\/evenements\/brocante-a-crisolles-277\/\" target=\"_self\" rel=\"noopener\">Brocante \u00e0 Appilly<\/a><\/h4>\r\n                                <p class=\"mec-grid-event-location\"><\/p>\r\n                                                                            <\/div>\r\n            <div class=\"mec-event-footer\">\r\n                                <ul class=\"mec-event-sharing-wrap\">\r\n                    <li class=\"mec-event-share\">\r\n                        <a href=\"#\" class=\"mec-event-share-icon\">\r\n                            <i class=\"mec-sl-share\" title=\"Share\" alt=\"Share\"><\/i>\r\n                        <\/a>\r\n                    <\/li>\r\n                    <li>\r\n                        <ul class=\"mec-event-sharing\">\r\n                            <li class=\"mec-event-social-icon\"><a class=\"facebook\" href=\"https:\/\/www.facebook.com\/sharer\/sharer.php?u=https%3A%2F%2Fnoyon-tourisme.com%2Fen%2Fevenements%2Fbrocante-a-crisolles-277%2F\" onclick=\"javascript:window.open(this.href, '', 'menubar=no,toolbar=no,resizable=yes,scrollbars=yes,height=500,width=600'); return false;\" target=\"_blank\" title=\"Share on Facebook\"><i class=\"mec-fa-facebook\"><\/i><span class=\"mec-social-title\">Facebook<\/span><\/a><\/li><li class=\"mec-event-social-icon\"><a class=\"whatsapp\" href=\"https:\/\/api.whatsapp.com\/send?text=https%3A%2F%2Fnoyon-tourisme.com%2Fen%2Fevenements%2Fbrocante-a-crisolles-277%2F\" target=\"_blank\" title=\"Share on WhatsApp\"><i class=\"mec-fa-whatsapp\"><\/i><span class=\"mec-social-title\">WhatsApp<\/span><\/a><\/li><li class=\"mec-event-social-icon\"><a class=\"email\" href=\"mailto:?subject=Brocante \u00e0 Appilly&body=https:\/\/noyon-tourisme.com\/en\/evenements\/brocante-a-crisolles-277\/\" title=\"Email\"><i class=\"mec-fa-envelope\"><\/i><span class=\"mec-social-title\">Email<\/span><\/a><\/li>                        <\/ul>\r\n                    <\/li>\r\n                <\/ul>\r\n                                                <a class=\"mec-booking-button\" data-event-id=\"962313\" href=\"https:\/\/noyon-tourisme.com\/en\/evenements\/brocante-a-crisolles-277\/\" target=\"_self\" rel=\"noopener\">En savoir plus<\/a>            <\/div>\r\n        <\/article><\/div>                <div class=\"col-md-4 col-sm-4\"><article class=\"mec-event-article mec-clear\" itemscope>                    <div class=\"mec-event-image\"><a data-event-id=\"1008979\" href=\"https:\/\/noyon-tourisme.com\/en\/evenements\/exposition-abraham-bosse\/\" target=\"_self\" rel=\"noopener\"><img loading=\"lazy\" decoding=\"async\" width=\"212\" height=\"300\" src=\"https:\/\/noyon-tourisme.com\/wp-content\/uploads\/2026\/04\/BAT-Aff-A3-A_BOSSE_page-0001-212x300.jpg\" class=\"attachment-medium size-medium wp-post-image\" alt=\"\" data-mec-postid=\"1008979\" title=\"\" \/><\/a><\/div>\r\n                        <div class=\"mec-event-content\">\r\n                                    <div class=\"mec-event-date mec-bg-color\">\r\n                        <span class=\"mec-start-date-label\">19 May 2026<\/span><span class=\"mec-end-date-label\" itemprop=\"endDate\"> - 20 September 2026<\/span>                                                                    <\/div>\r\n                                                                <h4 class=\"mec-event-title\"><a class=\"mec-color-hover\" data-event-id=\"1008979\" href=\"https:\/\/noyon-tourisme.com\/en\/evenements\/exposition-abraham-bosse\/\" target=\"_self\" rel=\"noopener\">Exposition : Abraham Bosse<\/a><\/h4>\r\n                                <p class=\"mec-grid-event-location\">Mus\u00e9e Jean Calvin, 6 Place Aristide Briand, 60400 Noyon<\/p>\r\n                                                                            <\/div>\r\n            <div class=\"mec-event-footer\">\r\n                                <ul class=\"mec-event-sharing-wrap\">\r\n                    <li class=\"mec-event-share\">\r\n                        <a href=\"#\" class=\"mec-event-share-icon\">\r\n                            <i class=\"mec-sl-share\" title=\"Share\" alt=\"Share\"><\/i>\r\n                        <\/a>\r\n                    <\/li>\r\n                    <li>\r\n                        <ul class=\"mec-event-sharing\">\r\n                            <li class=\"mec-event-social-icon\"><a class=\"facebook\" href=\"https:\/\/www.facebook.com\/sharer\/sharer.php?u=https%3A%2F%2Fnoyon-tourisme.com%2Fen%2Fevenements%2Fexposition-abraham-bosse%2F\" onclick=\"javascript:window.open(this.href, '', 'menubar=no,toolbar=no,resizable=yes,scrollbars=yes,height=500,width=600'); return false;\" target=\"_blank\" title=\"Share on Facebook\"><i class=\"mec-fa-facebook\"><\/i><span class=\"mec-social-title\">Facebook<\/span><\/a><\/li><li class=\"mec-event-social-icon\"><a class=\"whatsapp\" href=\"https:\/\/api.whatsapp.com\/send?text=https%3A%2F%2Fnoyon-tourisme.com%2Fen%2Fevenements%2Fexposition-abraham-bosse%2F\" target=\"_blank\" title=\"Share on WhatsApp\"><i class=\"mec-fa-whatsapp\"><\/i><span class=\"mec-social-title\">WhatsApp<\/span><\/a><\/li><li class=\"mec-event-social-icon\"><a class=\"email\" href=\"mailto:?subject=Exposition : Abraham Bosse&body=https:\/\/noyon-tourisme.com\/en\/evenements\/exposition-abraham-bosse\/\" title=\"Email\"><i class=\"mec-fa-envelope\"><\/i><span class=\"mec-social-title\">Email<\/span><\/a><\/li>                        <\/ul>\r\n                    <\/li>\r\n                <\/ul>\r\n                                                <a class=\"mec-booking-button\" data-event-id=\"1008979\" href=\"https:\/\/noyon-tourisme.com\/en\/evenements\/exposition-abraham-bosse\/\" target=\"_self\" rel=\"noopener\">En savoir plus<\/a>            <\/div>\r\n        <\/article><\/div><\/div>        <div class=\"row\"><div class=\"col-md-4 col-sm-4\"><article class=\"mec-event-article mec-clear\" itemscope>                    <div class=\"mec-event-image\"><a data-event-id=\"1008979\" href=\"https:\/\/noyon-tourisme.com\/en\/evenements\/exposition-abraham-bosse\/\" target=\"_self\" rel=\"noopener\"><img loading=\"lazy\" decoding=\"async\" width=\"212\" height=\"300\" src=\"https:\/\/noyon-tourisme.com\/wp-content\/uploads\/2026\/04\/BAT-Aff-A3-A_BOSSE_page-0001-212x300.jpg\" class=\"attachment-medium size-medium wp-post-image\" alt=\"\" data-mec-postid=\"1008979\" title=\"\" \/><\/a><\/div>\r\n                        <div class=\"mec-event-content\">\r\n                                    <div class=\"mec-event-date mec-bg-color\">\r\n                        <span class=\"mec-start-date-label\">19 May 2026<\/span><span class=\"mec-end-date-label\" itemprop=\"endDate\"> - 20 September 2026<\/span>                                                                    <\/div>\r\n                                                                <h4 class=\"mec-event-title\"><a class=\"mec-color-hover\" data-event-id=\"1008979\" href=\"https:\/\/noyon-tourisme.com\/en\/evenements\/exposition-abraham-bosse\/\" target=\"_self\" rel=\"noopener\">Exposition : Abraham Bosse<\/a><\/h4>\r\n                                <p class=\"mec-grid-event-location\">Mus\u00e9e Jean Calvin, 6 Place Aristide Briand, 60400 Noyon<\/p>\r\n                                                                            <\/div>\r\n            <div class=\"mec-event-footer\">\r\n                                <ul class=\"mec-event-sharing-wrap\">\r\n                    <li class=\"mec-event-share\">\r\n                        <a href=\"#\" class=\"mec-event-share-icon\">\r\n                            <i class=\"mec-sl-share\" title=\"Share\" alt=\"Share\"><\/i>\r\n                        <\/a>\r\n                    <\/li>\r\n                    <li>\r\n                        <ul class=\"mec-event-sharing\">\r\n                            <li class=\"mec-event-social-icon\"><a class=\"facebook\" href=\"https:\/\/www.facebook.com\/sharer\/sharer.php?u=https%3A%2F%2Fnoyon-tourisme.com%2Fen%2Fevenements%2Fexposition-abraham-bosse%2F\" onclick=\"javascript:window.open(this.href, '', 'menubar=no,toolbar=no,resizable=yes,scrollbars=yes,height=500,width=600'); return false;\" target=\"_blank\" title=\"Share on Facebook\"><i class=\"mec-fa-facebook\"><\/i><span class=\"mec-social-title\">Facebook<\/span><\/a><\/li><li class=\"mec-event-social-icon\"><a class=\"whatsapp\" href=\"https:\/\/api.whatsapp.com\/send?text=https%3A%2F%2Fnoyon-tourisme.com%2Fen%2Fevenements%2Fexposition-abraham-bosse%2F\" target=\"_blank\" title=\"Share on WhatsApp\"><i class=\"mec-fa-whatsapp\"><\/i><span class=\"mec-social-title\">WhatsApp<\/span><\/a><\/li><li class=\"mec-event-social-icon\"><a class=\"email\" href=\"mailto:?subject=Exposition : Abraham Bosse&body=https:\/\/noyon-tourisme.com\/en\/evenements\/exposition-abraham-bosse\/\" title=\"Email\"><i class=\"mec-fa-envelope\"><\/i><span class=\"mec-social-title\">Email<\/span><\/a><\/li>                        <\/ul>\r\n                    <\/li>\r\n                <\/ul>\r\n                                                <a class=\"mec-booking-button\" data-event-id=\"1008979\" href=\"https:\/\/noyon-tourisme.com\/en\/evenements\/exposition-abraham-bosse\/\" target=\"_self\" rel=\"noopener\">En savoir plus<\/a>            <\/div>\r\n        <\/article><\/div>                        <\/div>\t<\/div>\r\n<\/div>\r\n\r\n    <\/div>\r\n    <div class=\"mec-skin-grid-no-events-container mec-util-hidden\" id=\"mec_skin_no_events_64401\">\r\n        No event found!    <\/div>\r\n    \r\n    <div class=\"mec-load-more-wrap\">\r\n                <div tabindex=\"0\" onkeydown=\"if(event.keyCode===13){jQuery(this).trigger('click');}\" class=\"mec-load-more-button\">Load More<\/div>\r\n            <\/div>\r\n<\/div>\r\n\t\t\t\t<\/div>\n\t\t\t\t<\/div>\n\t\t\t\t\t<\/div>\n\t\t\t\t<\/div>\n\t\t\t\t<\/div>","protected":false},"excerpt":{"rendered":"<p>Agenda ToutCulturel 19 &#8211; 31 janvier Journ\u00e9e enti\u00e8re Th\u00e9\u00e2tre du Chevalet de Noyon Th\u00e9\u00e2tre du Chevalet &#8211; 6 Place Aristide Briand, 60400 Noyon Les nuits de la lecture Culturel La Ville de Noyon Le vendredi 19 et le samedi 20 janvier venez-vous divertir dans les canap\u00e9s pendant une heure ou une journ\u00e9e, \u00e0 l\u2019occasion des<\/p>","protected":false},"author":1,"featured_media":0,"parent":0,"menu_order":0,"comment_status":"closed","ping_status":"closed","template":"","meta":{"_seopress_robots_primary_cat":"","_seopress_titles_title":"","_seopress_titles_desc":"D\u00e9couvrez les \u00e9v\u00e9nements incontournables \u00e0 Noyon. Consultez notre agenda pour ne rien manquer des festivals, expositions et manifestations culturelles de notre ville.","_seopress_robots_index":"","_rtcl_gb_attr":"","footnotes":""},"class_list":["post-64392","page","type-page","status-publish","hentry"],"_links":{"self":[{"href":"https:\/\/noyon-tourisme.com\/en\/wp-json\/wp\/v2\/pages\/64392","targetHints":{"allow":["GET"]}}],"collection":[{"href":"https:\/\/noyon-tourisme.com\/en\/wp-json\/wp\/v2\/pages"}],"about":[{"href":"https:\/\/noyon-tourisme.com\/en\/wp-json\/wp\/v2\/types\/page"}],"author":[{"embeddable":true,"href":"https:\/\/noyon-tourisme.com\/en\/wp-json\/wp\/v2\/users\/1"}],"replies":[{"embeddable":true,"href":"https:\/\/noyon-tourisme.com\/en\/wp-json\/wp\/v2\/comments?post=64392"}],"version-history":[{"count":0,"href":"https:\/\/noyon-tourisme.com\/en\/wp-json\/wp\/v2\/pages\/64392\/revisions"}],"wp:attachment":[{"href":"https:\/\/noyon-tourisme.com\/en\/wp-json\/wp\/v2\/media?parent=64392"}],"curies":[{"name":"wp","href":"https:\/\/api.w.org\/{rel}","templated":true}]}}