{"id":65572,"date":"2024-01-24T18:00:49","date_gmt":"2024-01-24T17:00:49","guid":{"rendered":"https:\/\/noyon-tourisme.com\/?page_id=65572"},"modified":"2026-04-01T10:36:24","modified_gmt":"2026-04-01T08:36:24","slug":"les-incontournables","status":"publish","type":"page","link":"https:\/\/noyon-tourisme.com\/en\/les-incontournables\/","title":{"rendered":"Les incontournables"},"content":{"rendered":"<div data-elementor-type=\"wp-page\" data-elementor-id=\"65572\" class=\"elementor elementor-65572\" data-elementor-post-type=\"page\">\n\t\t\t\t<div class=\"elementor-element elementor-element-81e2f79 e-con-full e-flex e-con e-parent\" data-id=\"81e2f79\" data-element_type=\"container\">\n\t\t\t\t<div class=\"elementor-element elementor-element-a9ff95b elementor--h-position-center elementor--v-position-middle elementor-widget elementor-widget-slides\" data-id=\"a9ff95b\" data-element_type=\"widget\" data-settings=\"{&quot;navigation&quot;:&quot;none&quot;,&quot;transition&quot;:&quot;slide&quot;,&quot;transition_speed&quot;:500}\" data-widget_type=\"slides.default\">\n\t\t\t\t<div class=\"elementor-widget-container\">\n\t\t\t\t\t\t\t\t\t<div class=\"elementor-swiper\">\n\t\t\t\t\t<div class=\"elementor-slides-wrapper elementor-main-swiper swiper\" role=\"region\" aria-roledescription=\"carousel\" aria-label=\"Diapositives\" dir=\"ltr\" data-animation=\"fadeInUp\">\n\t\t\t\t<div class=\"swiper-wrapper elementor-slides\">\n\t\t\t\t\t\t\t\t\t\t<div class=\"elementor-repeater-item-abb3c05 swiper-slide\" role=\"group\" aria-roledescription=\"slide\"><div class=\"swiper-slide-bg\" role=\"img\"><\/div><div class=\"swiper-slide-inner\" ><div class=\"swiper-slide-contents\"><div class=\"elementor-slide-heading\">Les incontournables<\/div><\/div><\/div><\/div>\t\t\t\t<\/div>\n\t\t\t\t\t\t\t<\/div>\n\t\t\t\t<\/div>\n\t\t\t\t\t\t\t\t<\/div>\n\t\t\t\t<\/div>\n\t\t\t\t<\/div>\n\t\t<div class=\"elementor-element elementor-element-0acbf17 e-flex e-con-boxed e-con e-parent\" data-id=\"0acbf17\" data-element_type=\"container\" data-settings=\"{&quot;background_background&quot;:&quot;classic&quot;}\">\n\t\t\t\t\t<div class=\"e-con-inner\">\n\t\t<div class=\"elementor-element elementor-element-1b37cd5 e-con-full e-flex e-con e-child\" data-id=\"1b37cd5\" data-element_type=\"container\">\n\t\t\t\t<div class=\"elementor-element elementor-element-ae49201 animated-slow elementor-invisible elementor-widget elementor-widget-heading\" data-id=\"ae49201\" data-element_type=\"widget\" id=\"cathedrale_noyon\" data-settings=\"{&quot;_animation&quot;:&quot;slideInUp&quot;}\" data-widget_type=\"heading.default\">\n\t\t\t\t<div class=\"elementor-widget-container\">\n\t\t\t\t\t<h2 class=\"elementor-heading-title elementor-size-default\">La Cath\u00e9drale de Noyon, une pure merveille ! <\/h2>\t\t\t\t<\/div>\n\t\t\t\t<\/div>\n\t\t\t\t<div class=\"elementor-element elementor-element-384abd1 elementor-widget elementor-widget-text-editor\" data-id=\"384abd1\" data-element_type=\"widget\" data-widget_type=\"text-editor.default\">\n\t\t\t\t<div class=\"elementor-widget-container\">\n\t\t\t\t\t\t\t\t\t<p>Cette doyenne des cath\u00e9drales gothiques du nord de la France a vu sa premi\u00e8re pierre pos\u00e9e pr\u00e8s de\u00a020 ans avant celle de Notre-Dame de Paris, en 1145, elle est un v\u00e9ritable chef-d\u2019\u0153uvre du premier art gothique.<\/p><p>Install\u00e9e sur le point le plus \u00e9lev\u00e9 de la ville, la cath\u00e9drale est entour\u00e9e par un quartier cath\u00e9dral rare en France qui est le plus complet et le mieux conserv\u00e9 des Hauts de France.\u00a0<\/p><p>Haute de 22 m\u00e8tres et longue de 102 m\u00e8tres, elle offre en son sein une multitude de richesses comme sa nef, ses chapelles du Saint -S\u00e9pulcre ou de Notre-Dame-de-Bon-Secours, son ma\u00eetre h\u00f4tel du XVI\u00e8me si\u00e8cle, son chevet \u00e0 d\u00e9ambulatoire ou son transept qui se termine en h\u00e9micycle.<\/p><p>\u00a0\u00c0 l\u2019ext\u00e9rieur, baladez-vous dans\u00a0le quartier cath\u00e9dral. Au nord, le quartier canonial comprend des b\u00e2timents qui rappellent la vie des chanoines \u00e0 l\u2019\u00e9poque\u00a0:\u00a0la salle capitulaire (l\u2019ancien r\u00e9fectoire des chanoines), le cloitre, sa jolie biblioth\u00e8que en bois et les maisons canoniales.\u00a0Puis, faites un tour jusqu\u2019au quartier \u00e9piscopal dans lequel se trouvent les vestiges du palais et ceux de la chapelle priv\u00e9e de l\u2019\u00e9v\u00eaque.<\/p><p style=\"text-align: center;\"><em><span style=\"color: #000080;\"><b>Du lundi au samedi de 9h30\u00a0\u00e0 12h et de 14h \u00e0 18h.<\/b><\/span><\/em><\/p><p style=\"text-align: center;\"><em><span style=\"color: #000080;\"><b>Le dimanche de 14h \u00e0 18h (C\u00e9r\u00e9monies religieuses le matin).<\/b><\/span><\/em><\/p>\t\t\t\t\t\t\t\t<\/div>\n\t\t\t\t<\/div>\n\t\t\t\t<\/div>\n\t\t<div class=\"elementor-element elementor-element-42fc88b e-con-full e-flex e-con e-child\" data-id=\"42fc88b\" data-element_type=\"container\">\n\t\t\t\t<div class=\"elementor-element elementor-element-ca8d9f4 elementor-widget elementor-widget-image\" data-id=\"ca8d9f4\" data-element_type=\"widget\" data-widget_type=\"image.default\">\n\t\t\t\t<div class=\"elementor-widget-container\">\n\t\t\t\t\t\t\t\t\t\t\t\t\t\t\t<img fetchpriority=\"high\" decoding=\"async\" width=\"800\" height=\"449\" src=\"https:\/\/noyon-tourisme.com\/wp-content\/uploads\/2024\/01\/CATHEDRALE40_noyontourisme-1024x575.jpg\" class=\"attachment-large size-large wp-image-57293\" alt=\"La cath\u00e9drale de Noyon\" srcset=\"https:\/\/noyon-tourisme.com\/wp-content\/uploads\/2024\/01\/CATHEDRALE40_noyontourisme-1024x575.jpg 1024w, https:\/\/noyon-tourisme.com\/wp-content\/uploads\/2024\/01\/CATHEDRALE40_noyontourisme-300x168.jpg 300w, https:\/\/noyon-tourisme.com\/wp-content\/uploads\/2024\/01\/CATHEDRALE40_noyontourisme-768x431.jpg 768w, https:\/\/noyon-tourisme.com\/wp-content\/uploads\/2024\/01\/CATHEDRALE40_noyontourisme-1536x862.jpg 1536w, https:\/\/noyon-tourisme.com\/wp-content\/uploads\/2024\/01\/CATHEDRALE40_noyontourisme.jpg 1920w\" sizes=\"(max-width: 800px) 100vw, 800px\" title=\"\" \/>\t\t\t\t\t\t\t\t\t\t\t\t\t\t\t<\/div>\n\t\t\t\t<\/div>\n\t\t\t\t<div class=\"elementor-element elementor-element-0b4fe95 elementor-widget elementor-widget-image\" data-id=\"0b4fe95\" data-element_type=\"widget\" data-widget_type=\"image.default\">\n\t\t\t\t<div class=\"elementor-widget-container\">\n\t\t\t\t\t\t\t\t\t\t\t\t\t\t\t<img decoding=\"async\" width=\"800\" height=\"470\" src=\"https:\/\/noyon-tourisme.com\/wp-content\/uploads\/2023\/11\/29-loise-noyon-franceallwrite.png\" class=\"attachment-large size-large wp-image-26777\" alt=\"La cath\u00e9drale de Noyon\" srcset=\"https:\/\/noyon-tourisme.com\/wp-content\/uploads\/2023\/11\/29-loise-noyon-franceallwrite.png 970w, https:\/\/noyon-tourisme.com\/wp-content\/uploads\/2023\/11\/29-loise-noyon-franceallwrite-300x176.png 300w, https:\/\/noyon-tourisme.com\/wp-content\/uploads\/2023\/11\/29-loise-noyon-franceallwrite-768x451.png 768w\" sizes=\"(max-width: 800px) 100vw, 800px\" title=\"\" \/>\t\t\t\t\t\t\t\t\t\t\t\t\t\t\t<\/div>\n\t\t\t\t<\/div>\n\t\t\t\t<\/div>\n\t\t\t\t\t<\/div>\n\t\t\t\t<\/div>\n\t\t<div class=\"elementor-element elementor-element-9915edb e-flex e-con-boxed e-con e-parent\" data-id=\"9915edb\" data-element_type=\"container\" data-settings=\"{&quot;background_background&quot;:&quot;classic&quot;}\">\n\t\t\t\t\t<div class=\"e-con-inner\">\n\t\t<div class=\"elementor-element elementor-element-cc9ad1e e-con-full e-flex e-con e-child\" data-id=\"cc9ad1e\" data-element_type=\"container\">\n\t\t\t\t<div class=\"elementor-element elementor-element-72c52e6 elementor-widget elementor-widget-image\" data-id=\"72c52e6\" data-element_type=\"widget\" data-widget_type=\"image.default\">\n\t\t\t\t<div class=\"elementor-widget-container\">\n\t\t\t\t\t\t\t\t\t\t\t\t\t\t\t<img decoding=\"async\" width=\"800\" height=\"533\" src=\"https:\/\/noyon-tourisme.com\/wp-content\/uploads\/2024\/02\/hotel_de_ville_office_tourisme_noyon-1024x682.jpg\" class=\"attachment-large size-large wp-image-87823\" alt=\"H\u00f4tel de Ville Noyon\" srcset=\"https:\/\/noyon-tourisme.com\/wp-content\/uploads\/2024\/02\/hotel_de_ville_office_tourisme_noyon-1024x682.jpg 1024w, https:\/\/noyon-tourisme.com\/wp-content\/uploads\/2024\/02\/hotel_de_ville_office_tourisme_noyon-300x200.jpg 300w, https:\/\/noyon-tourisme.com\/wp-content\/uploads\/2024\/02\/hotel_de_ville_office_tourisme_noyon-768x512.jpg 768w, https:\/\/noyon-tourisme.com\/wp-content\/uploads\/2024\/02\/hotel_de_ville_office_tourisme_noyon-391x260.jpg 391w, https:\/\/noyon-tourisme.com\/wp-content\/uploads\/2024\/02\/hotel_de_ville_office_tourisme_noyon-18x12.jpg 18w, https:\/\/noyon-tourisme.com\/wp-content\/uploads\/2024\/02\/hotel_de_ville_office_tourisme_noyon.jpg 1280w\" sizes=\"(max-width: 800px) 100vw, 800px\" title=\"\" \/>\t\t\t\t\t\t\t\t\t\t\t\t\t\t\t<\/div>\n\t\t\t\t<\/div>\n\t\t\t\t<\/div>\n\t\t<div class=\"elementor-element elementor-element-72c8f45 e-con-full e-flex e-con e-child\" data-id=\"72c8f45\" data-element_type=\"container\">\n\t\t\t\t<div class=\"elementor-element elementor-element-909d96e animated-slow elementor-invisible elementor-widget elementor-widget-heading\" data-id=\"909d96e\" data-element_type=\"widget\" data-settings=\"{&quot;_animation&quot;:&quot;slideInUp&quot;}\" data-widget_type=\"heading.default\">\n\t\t\t\t<div class=\"elementor-widget-container\">\n\t\t\t\t\t<h2 class=\"elementor-heading-title elementor-size-default\">L\u2019H\u00f4tel de Ville<\/h2>\t\t\t\t<\/div>\n\t\t\t\t<\/div>\n\t\t\t\t<div class=\"elementor-element elementor-element-8a0654d elementor-widget elementor-widget-text-editor\" data-id=\"8a0654d\" data-element_type=\"widget\" data-widget_type=\"text-editor.default\">\n\t\t\t\t<div class=\"elementor-widget-container\">\n\t\t\t\t\t\t\t\t\t<p>L\u2019H\u00f4tel de Ville de Noyon reste l\u2019unique exemple caract\u00e9ristique du style flamboyant sur le territoire.\u00a0<\/p><p>Sa fa\u00e7ade est richement d\u00e9cor\u00e9e\u00a0: creus\u00e9e de niches, ses motifs sculpt\u00e9s repr\u00e9sentent v\u00e9g\u00e9taux et animaux.\u00a0<\/p><p>Amusez-vous \u00e0 trouver sur les fa\u00e7ades, les animaux constituant un bestiaire fantastique.<\/p>\t\t\t\t\t\t\t\t<\/div>\n\t\t\t\t<\/div>\n\t\t\t\t<\/div>\n\t\t\t\t\t<\/div>\n\t\t\t\t<\/div>\n\t\t<div class=\"elementor-element elementor-element-702da9b e-flex e-con-boxed e-con e-parent\" data-id=\"702da9b\" data-element_type=\"container\" data-settings=\"{&quot;background_background&quot;:&quot;classic&quot;}\">\n\t\t\t\t\t<div class=\"e-con-inner\">\n\t\t<div class=\"elementor-element elementor-element-a5444ef e-con-full e-flex e-con e-child\" data-id=\"a5444ef\" data-element_type=\"container\">\n\t\t\t\t<div class=\"elementor-element elementor-element-f572c07 animated-slow elementor-invisible elementor-widget elementor-widget-heading\" data-id=\"f572c07\" data-element_type=\"widget\" data-settings=\"{&quot;_animation&quot;:&quot;slideInUp&quot;}\" data-widget_type=\"heading.default\">\n\t\t\t\t<div class=\"elementor-widget-container\">\n\t\t\t\t\t<h2 class=\"elementor-heading-title elementor-size-default\">Le patrimoine souterrain de Noyon\n<\/h2>\t\t\t\t<\/div>\n\t\t\t\t<\/div>\n\t\t\t\t<div class=\"elementor-element elementor-element-1f971c6 elementor-widget elementor-widget-text-editor\" data-id=\"1f971c6\" data-element_type=\"widget\" data-widget_type=\"text-editor.default\">\n\t\t\t\t<div class=\"elementor-widget-container\">\n\t\t\t\t\t\t\t\t\t<p>Dans les sous-sols de Noyon se cache un patrimoine insoup\u00e7onn\u00e9. De la crypte arch\u00e9ologique aux caves m\u00e9di\u00e9vales, venez d\u00e9couvrir les richesses souterraines de la ville.<\/p><p style=\"text-align: center;\"><strong>Uniquement accessible en visites guid\u00e9es organis\u00e9es tout le long de l\u2019ann\u00e9e.<\/strong><\/p><p style=\"text-align: center;\"><span style=\"color: #000080;\"><strong>Programme disponible sur la boutique en ligne!<\/strong><\/span><\/p><p><a href=\"https:\/\/boutique.noyon-tourisme.com\/visites-guidees\"><span style=\"color: #800080;\">https:\/\/boutique.noyon-tourisme.com\/visites-guidees<\/span><\/a><\/p>\t\t\t\t\t\t\t\t<\/div>\n\t\t\t\t<\/div>\n\t\t\t\t<\/div>\n\t\t<div class=\"elementor-element elementor-element-defaa59 e-con-full e-flex e-con e-child\" data-id=\"defaa59\" data-element_type=\"container\">\n\t\t\t\t<div class=\"elementor-element elementor-element-07615fa elementor-widget elementor-widget-image\" data-id=\"07615fa\" data-element_type=\"widget\" data-widget_type=\"image.default\">\n\t\t\t\t<div class=\"elementor-widget-container\">\n\t\t\t\t\t\t\t\t\t\t\t\t\t\t\t<img loading=\"lazy\" decoding=\"async\" width=\"800\" height=\"533\" src=\"https:\/\/noyon-tourisme.com\/wp-content\/uploads\/2024\/02\/souterrains-cathedrale_noyon_OT-Pays-noyonnais-en-vallees-de-lOIse_2018_photo-Anne-Sophie-FLAMENT-5907-1024x682.jpg\" class=\"attachment-large size-large wp-image-90141\" alt=\"Le patrimoine souterrain de Noyon\" srcset=\"https:\/\/noyon-tourisme.com\/wp-content\/uploads\/2024\/02\/souterrains-cathedrale_noyon_OT-Pays-noyonnais-en-vallees-de-lOIse_2018_photo-Anne-Sophie-FLAMENT-5907-1024x682.jpg 1024w, https:\/\/noyon-tourisme.com\/wp-content\/uploads\/2024\/02\/souterrains-cathedrale_noyon_OT-Pays-noyonnais-en-vallees-de-lOIse_2018_photo-Anne-Sophie-FLAMENT-5907-300x200.jpg 300w, https:\/\/noyon-tourisme.com\/wp-content\/uploads\/2024\/02\/souterrains-cathedrale_noyon_OT-Pays-noyonnais-en-vallees-de-lOIse_2018_photo-Anne-Sophie-FLAMENT-5907-768x512.jpg 768w, https:\/\/noyon-tourisme.com\/wp-content\/uploads\/2024\/02\/souterrains-cathedrale_noyon_OT-Pays-noyonnais-en-vallees-de-lOIse_2018_photo-Anne-Sophie-FLAMENT-5907-391x260.jpg 391w, https:\/\/noyon-tourisme.com\/wp-content\/uploads\/2024\/02\/souterrains-cathedrale_noyon_OT-Pays-noyonnais-en-vallees-de-lOIse_2018_photo-Anne-Sophie-FLAMENT-5907-18x12.jpg 18w, https:\/\/noyon-tourisme.com\/wp-content\/uploads\/2024\/02\/souterrains-cathedrale_noyon_OT-Pays-noyonnais-en-vallees-de-lOIse_2018_photo-Anne-Sophie-FLAMENT-5907.jpg 1280w\" sizes=\"(max-width: 800px) 100vw, 800px\" title=\"\" \/>\t\t\t\t\t\t\t\t\t\t\t\t\t\t\t<\/div>\n\t\t\t\t<\/div>\n\t\t\t\t<\/div>\n\t\t\t\t\t<\/div>\n\t\t\t\t<\/div>\n\t\t<div class=\"elementor-element elementor-element-209520c e-flex e-con-boxed e-con e-parent\" data-id=\"209520c\" data-element_type=\"container\" data-settings=\"{&quot;background_background&quot;:&quot;classic&quot;}\">\n\t\t\t\t\t<div class=\"e-con-inner\">\n\t\t<div class=\"elementor-element elementor-element-0a9fc2d e-con-full e-flex e-con e-child\" data-id=\"0a9fc2d\" data-element_type=\"container\">\n\t\t\t\t<div class=\"elementor-element elementor-element-7c158ca elementor-widget elementor-widget-image\" data-id=\"7c158ca\" data-element_type=\"widget\" data-widget_type=\"image.default\">\n\t\t\t\t<div class=\"elementor-widget-container\">\n\t\t\t\t\t\t\t\t\t\t\t\t\t\t\t<img loading=\"lazy\" decoding=\"async\" width=\"769\" height=\"1024\" src=\"https:\/\/noyon-tourisme.com\/wp-content\/uploads\/2024\/01\/musee_calvin1_noyontourisme-769x1024.jpg\" class=\"attachment-large size-large wp-image-57297\" alt=\"Mus\u00e9e Jean Calvin Office de Tourisme du Pays Noyonnais\" srcset=\"https:\/\/noyon-tourisme.com\/wp-content\/uploads\/2024\/01\/musee_calvin1_noyontourisme-769x1024.jpg 769w, https:\/\/noyon-tourisme.com\/wp-content\/uploads\/2024\/01\/musee_calvin1_noyontourisme-225x300.jpg 225w, https:\/\/noyon-tourisme.com\/wp-content\/uploads\/2024\/01\/musee_calvin1_noyontourisme-768x1023.jpg 768w, https:\/\/noyon-tourisme.com\/wp-content\/uploads\/2024\/01\/musee_calvin1_noyontourisme-300x400.jpg 300w, https:\/\/noyon-tourisme.com\/wp-content\/uploads\/2024\/01\/musee_calvin1_noyontourisme-1154x1536.jpg 1154w, https:\/\/noyon-tourisme.com\/wp-content\/uploads\/2024\/01\/musee_calvin1_noyontourisme.jpg 1442w\" sizes=\"(max-width: 769px) 100vw, 769px\" title=\"\" \/>\t\t\t\t\t\t\t\t\t\t\t\t\t\t\t<\/div>\n\t\t\t\t<\/div>\n\t\t\t\t<\/div>\n\t\t<div class=\"elementor-element elementor-element-3f7a1f0 e-con-full e-flex e-con e-child\" data-id=\"3f7a1f0\" data-element_type=\"container\">\n\t\t\t\t<div class=\"elementor-element elementor-element-5ee1ad4 animated-slow elementor-invisible elementor-widget elementor-widget-heading\" data-id=\"5ee1ad4\" data-element_type=\"widget\" id=\"calvin\" data-settings=\"{&quot;_animation&quot;:&quot;slideInUp&quot;}\" data-widget_type=\"heading.default\">\n\t\t\t\t<div class=\"elementor-widget-container\">\n\t\t\t\t\t<h2 class=\"elementor-heading-title elementor-size-default\">Mus\u00e9e Calvin<\/h2>\t\t\t\t<\/div>\n\t\t\t\t<\/div>\n\t\t\t\t<div class=\"elementor-element elementor-element-3a5fd0b elementor-widget elementor-widget-text-editor\" data-id=\"3a5fd0b\" data-element_type=\"widget\" data-widget_type=\"text-editor.default\">\n\t\t\t\t<div class=\"elementor-widget-container\">\n\t\t\t\t\t\t\t\t\t<p>\u00c9difi\u00e9 entre 1927 et 1930 sur l&#8217;emplacement pr\u00e9sum\u00e9 de la maison natale de Jean Calvin (1509-1564), le mus\u00e9e est consacr\u00e9 \u00e0 l&rsquo;histoire de la diffusion de la R\u00e9forme de la langue fran\u00e7aise, \u00e0 la personnalit\u00e9 du r\u00e9formateur et \u00e0 l&rsquo;influence de son \u0153uvre aux 16e et 17e si\u00e8cles.<\/p>\n<p>La premi\u00e8re pi\u00e8ce pr\u00e9sente l&rsquo;iconographie de cette demeure embl\u00e9matique, tandis que la salle dite \u00ab\u00a0chambre de Calvin\u00a0\u00bb accueille \u0153uvres et imprim\u00e9s originaux de Calvin, ainsi qu&rsquo;un ensemble de traductions \u00ab\u00a0protestantes\u00a0\u00bb des saintes \u00e9critures.<\/p>\n<p>Le 1er \u00e9tage retrace l&rsquo;histoire politique des relations entre protestants et pouvoir royal au 16e si\u00e8cle, qui aboutirent aux guerres de religion, au travers d\u2019\u0153uvres telles que Les Mercuriales du 10 juin 1559, d&rsquo;apr\u00e8s Tortorel et Perrissin (vers 1570), ou encore Le Colloque de Poissy de 1561 de Joseph Robert-Fleury (1840).<\/p>\n<p>Au 2e \u00e9tage, l&rsquo;\u00e9closion de la spiritualit\u00e9 protestante et ses r\u00e9percussions dans la vie quotidienne sont illustr\u00e9es par des imprim\u00e9s, tableaux (Van Streeck) et gravures (Bosse).<\/p>\n<p style=\"text-align: center;\"><strong>6 place Aristide Briand&nbsp; 60400&nbsp; NOYON<\/strong><\/p>\n<p style=\"text-align: center;\"><strong>Tel&nbsp;: 03 44 44 03 59<\/strong><\/p>\n<p style=\"text-align: center;\"><span style=\"color: #000080;\"><strong>Ferm\u00e9 en Janvier &#8211; <\/strong><\/span><\/p>\n<p style=\"text-align: center;\"><em><span style=\"color: #000080;\"><strong>(01\/02 au 31\/03 et du 01\/10 au 31\/12) :&nbsp; Ouvert du mardi au dimanche de 14h \u00e0 17h<\/strong><\/span><\/em><\/p>\n<p><em><span style=\"color: #000080;\"><strong>(01\/04 au 30\/09) : Ouvert du mardi au dimanche de 10h \u00e0 12h et de 14h \u00e0 18h<\/strong><\/span><\/em><\/p>\n<p style=\"text-align: center;\"><strong>&nbsp;<\/strong><\/p>\t\t\t\t\t\t\t\t<\/div>\n\t\t\t\t<\/div>\n\t\t\t\t<\/div>\n\t\t\t\t\t<\/div>\n\t\t\t\t<\/div>\n\t\t<div class=\"elementor-element elementor-element-ebc3dc2 e-flex e-con-boxed e-con e-parent\" data-id=\"ebc3dc2\" data-element_type=\"container\" data-settings=\"{&quot;background_background&quot;:&quot;classic&quot;}\">\n\t\t\t\t\t<div class=\"e-con-inner\">\n\t\t<div class=\"elementor-element elementor-element-f18b00b e-con-full e-flex e-con e-child\" data-id=\"f18b00b\" data-element_type=\"container\">\n\t\t\t\t<div class=\"elementor-element elementor-element-ed2184b animated-slow elementor-invisible elementor-widget elementor-widget-heading\" data-id=\"ed2184b\" data-element_type=\"widget\" id=\"museenoyon\" data-settings=\"{&quot;_animation&quot;:&quot;slideInUp&quot;}\" data-widget_type=\"heading.default\">\n\t\t\t\t<div class=\"elementor-widget-container\">\n\t\t\t\t\t<h2 class=\"elementor-heading-title elementor-size-default\">Mus\u00e9e du Noyonnais<\/h2>\t\t\t\t<\/div>\n\t\t\t\t<\/div>\n\t\t\t\t<div class=\"elementor-element elementor-element-d117379 elementor-widget__width-initial elementor-widget elementor-widget-text-editor\" data-id=\"d117379\" data-element_type=\"widget\" data-widget_type=\"text-editor.default\">\n\t\t\t\t<div class=\"elementor-widget-container\">\n\t\t\t\t\t\t\t\t\t<p>Le mus\u00e9e du Noyonnais, mus\u00e9e d&rsquo;art et d&rsquo;histoire de Noyon et de sa r\u00e9gion, illustre la formation et l&rsquo;\u00e9volution de la cit\u00e9 de l&rsquo;\u00e9poque gallo-romaine \u00e0 nos jours.<\/p><p>Install\u00e9 au sein de l&rsquo;ancien palais \u00e9piscopal, il abrite des collections riches et vari\u00e9es. Le rez-de-chauss\u00e9e est consacr\u00e9 aux collections arch\u00e9ologiques provenant des fouilles effectu\u00e9es \u00e0 Noyon et dans le Noyonnais.<\/p><p>Deux salles sont d\u00e9di\u00e9es \u00e0 la pr\u00e9sentation d&rsquo;\u00e9l\u00e9ments lapidaires provenant de la cath\u00e9drale Notre-Dame.<\/p><p>Au 1er \u00e9tage, le mus\u00e9e abrite une collection de mobilier exceptionnelle, notamment un ensemble rare de coffres (12e et 16e s.), provenant du tr\u00e9sor de la cath\u00e9drale, ainsi qu&rsquo;un remarquable jeu d&rsquo;\u00e9checs du 11e s. en bois de cerf sculpt\u00e9.<\/p><p>A ces riches collections s&rsquo;ajoute la pr\u00e9sentation des tableaux que le peintre orientaliste Joseph-F\u00e9lix Bouchor (1853-1937) a l\u00e9gu\u00e9 \u00e0 la ville de Noyon en 1936.<\/p><p style=\"text-align: center;\"><strong>7 rue de l\u2019Ev\u00each\u00e9 60400 NOYON<\/strong><\/p><p style=\"text-align: center;\"><strong>Tel\u00a0: 03 44 09 43 41<\/strong><\/p><p style=\"text-align: center;\"><em><span style=\"color: #000080;\"><strong>Ferm\u00e9 en Janvier\u00a0 <\/strong><\/span><\/em><\/p><p><em><span style=\"color: #000080;\"><strong>(01\/02 au 31\/03 et du 01\/10 au 31\/12) :\u00a0 Ouvert du mardi au dimanche de 14h \u00e0 17h<\/strong><\/span><\/em><\/p><p><em><span style=\"color: #000080;\"><strong>(01\/04 au 30\/09) : Ouvert du mardi au dimanche de 10h \u00e0 12h et de 14h \u00e0 18h<\/strong><\/span><\/em><\/p><p style=\"text-align: center;\"><strong>\u00a0<\/strong><\/p>\t\t\t\t\t\t\t\t<\/div>\n\t\t\t\t<\/div>\n\t\t\t\t<\/div>\n\t\t<div class=\"elementor-element elementor-element-73dd362 e-con-full e-flex e-con e-child\" data-id=\"73dd362\" data-element_type=\"container\">\n\t\t\t\t<div class=\"elementor-element elementor-element-567768e elementor-widget elementor-widget-image\" data-id=\"567768e\" data-element_type=\"widget\" data-widget_type=\"image.default\">\n\t\t\t\t<div class=\"elementor-widget-container\">\n\t\t\t\t\t\t\t\t\t\t\t\t\t\t\t<img loading=\"lazy\" decoding=\"async\" width=\"800\" height=\"601\" src=\"https:\/\/noyon-tourisme.com\/wp-content\/uploads\/2024\/01\/museedunoyonnais_noyontourisme-1024x769.jpg\" class=\"attachment-large size-large wp-image-65712\" alt=\"Mus\u00e9e du noyonnais Office de Tourisme du Pays Noyonnais\" srcset=\"https:\/\/noyon-tourisme.com\/wp-content\/uploads\/2024\/01\/museedunoyonnais_noyontourisme-1024x769.jpg 1024w, https:\/\/noyon-tourisme.com\/wp-content\/uploads\/2024\/01\/museedunoyonnais_noyontourisme-300x225.jpg 300w, https:\/\/noyon-tourisme.com\/wp-content\/uploads\/2024\/01\/museedunoyonnais_noyontourisme-768x577.jpg 768w, https:\/\/noyon-tourisme.com\/wp-content\/uploads\/2024\/01\/museedunoyonnais_noyontourisme-1536x1154.jpg 1536w, https:\/\/noyon-tourisme.com\/wp-content\/uploads\/2024\/01\/museedunoyonnais_noyontourisme-16x12.jpg 16w, https:\/\/noyon-tourisme.com\/wp-content\/uploads\/2024\/01\/museedunoyonnais_noyontourisme-320x240.jpg 320w, https:\/\/noyon-tourisme.com\/wp-content\/uploads\/2024\/01\/museedunoyonnais_noyontourisme.jpg 1920w\" sizes=\"(max-width: 800px) 100vw, 800px\" title=\"\" \/>\t\t\t\t\t\t\t\t\t\t\t\t\t\t\t<\/div>\n\t\t\t\t<\/div>\n\t\t\t\t<\/div>\n\t\t\t\t\t<\/div>\n\t\t\t\t<\/div>\n\t\t<div class=\"elementor-element elementor-element-c1c45e3 e-flex e-con-boxed e-con e-parent\" data-id=\"c1c45e3\" data-element_type=\"container\" data-settings=\"{&quot;background_background&quot;:&quot;classic&quot;}\">\n\t\t\t\t\t<div class=\"e-con-inner\">\n\t\t<div class=\"elementor-element elementor-element-712368a e-con-full e-flex e-con e-child\" data-id=\"712368a\" data-element_type=\"container\">\n\t\t\t\t<div class=\"elementor-element elementor-element-61656b5 elementor-widget elementor-widget-image\" data-id=\"61656b5\" data-element_type=\"widget\" data-widget_type=\"image.default\">\n\t\t\t\t<div class=\"elementor-widget-container\">\n\t\t\t\t\t\t\t\t\t\t\t\t\t\t\t<img loading=\"lazy\" decoding=\"async\" width=\"800\" height=\"600\" src=\"https:\/\/noyon-tourisme.com\/wp-content\/uploads\/2024\/02\/canal_office_tourisme_noyon-1024x768.jpg\" class=\"attachment-large size-large wp-image-87822\" alt=\"Port Pont L&#039;\u00e9v\u00eaque\" srcset=\"https:\/\/noyon-tourisme.com\/wp-content\/uploads\/2024\/02\/canal_office_tourisme_noyon-1024x768.jpg 1024w, https:\/\/noyon-tourisme.com\/wp-content\/uploads\/2024\/02\/canal_office_tourisme_noyon-300x225.jpg 300w, https:\/\/noyon-tourisme.com\/wp-content\/uploads\/2024\/02\/canal_office_tourisme_noyon-768x576.jpg 768w, https:\/\/noyon-tourisme.com\/wp-content\/uploads\/2024\/02\/canal_office_tourisme_noyon-16x12.jpg 16w, https:\/\/noyon-tourisme.com\/wp-content\/uploads\/2024\/02\/canal_office_tourisme_noyon-320x240.jpg 320w, https:\/\/noyon-tourisme.com\/wp-content\/uploads\/2024\/02\/canal_office_tourisme_noyon.jpg 1280w\" sizes=\"(max-width: 800px) 100vw, 800px\" title=\"\" \/>\t\t\t\t\t\t\t\t\t\t\t\t\t\t\t<\/div>\n\t\t\t\t<\/div>\n\t\t\t\t<\/div>\n\t\t<div class=\"elementor-element elementor-element-b6fa18e e-con-full e-flex e-con e-child\" data-id=\"b6fa18e\" data-element_type=\"container\">\n\t\t\t\t<div class=\"elementor-element elementor-element-6c748cd animated-slow elementor-invisible elementor-widget elementor-widget-heading\" data-id=\"6c748cd\" data-element_type=\"widget\" id=\"pontleveque\" data-settings=\"{&quot;_animation&quot;:&quot;slideInUp&quot;}\" data-widget_type=\"heading.default\">\n\t\t\t\t<div class=\"elementor-widget-container\">\n\t\t\t\t\t<h2 class=\"elementor-heading-title elementor-size-default\">Pont l\u2019\u00e9v\u00eaque<\/h2>\t\t\t\t<\/div>\n\t\t\t\t<\/div>\n\t\t\t\t<div class=\"elementor-element elementor-element-b53ff6d elementor-widget elementor-widget-text-editor\" data-id=\"b53ff6d\" data-element_type=\"widget\" data-widget_type=\"text-editor.default\">\n\t\t\t\t<div class=\"elementor-widget-container\">\n\t\t\t\t\t\t\t\t\t<p>Pont-l&rsquo;\u00c9v\u00eaque est un bourg picard du\u00a0<a href=\"https:\/\/fr.wikipedia.org\/wiki\/Noyonnais\">Noyonnais<\/a>\u00a0caract\u00e9ris\u00e9 par la\u00a0<a href=\"https:\/\/fr.wikipedia.org\/wiki\/Confluence_(hydrologie)\">confluence<\/a>\u00a0entre le\u00a0<a href=\"https:\/\/fr.wikipedia.org\/wiki\/Canal_lat\u00e9ral_\u00e0_l%27Oise\">canal lat\u00e9ral \u00e0 l&rsquo;Oise<\/a>\u00a0et le\u00a0<a href=\"https:\/\/fr.wikipedia.org\/wiki\/Canal_du_Nord_(France)\">canal du Nord<\/a>.\u00a0<\/p><p>Il offre un port fluvial pour les plaisanciers.\u00a0<\/p><p>Il est \u00e0 noter la pr\u00e9sence de fresques de Street Art sur les fa\u00e7ades des b\u00e2timents ou des maisons qui entourent le port dont une du c\u00e9l\u00e8bre graffeur Hopare.<\/p>\t\t\t\t\t\t\t\t<\/div>\n\t\t\t\t<\/div>\n\t\t\t\t<\/div>\n\t\t\t\t\t<\/div>\n\t\t\t\t<\/div>\n\t\t<div class=\"elementor-element elementor-element-ceda0eb e-flex e-con-boxed e-con e-parent\" data-id=\"ceda0eb\" data-element_type=\"container\" data-settings=\"{&quot;background_background&quot;:&quot;classic&quot;}\">\n\t\t\t\t\t<div class=\"e-con-inner\">\n\t\t<div class=\"elementor-element elementor-element-cf6bc1a e-con-full e-flex e-con e-child\" data-id=\"cf6bc1a\" data-element_type=\"container\">\n\t\t\t\t<div class=\"elementor-element elementor-element-ab26576 animated-slow elementor-invisible elementor-widget elementor-widget-heading\" data-id=\"ab26576\" data-element_type=\"widget\" data-settings=\"{&quot;_animation&quot;:&quot;slideInUp&quot;}\" data-widget_type=\"heading.default\">\n\t\t\t\t<div class=\"elementor-widget-container\">\n\t\t\t\t\t<h2 class=\"elementor-heading-title elementor-size-default\">La chapelle fun\u00e9raire de Guiscard<\/h2>\t\t\t\t<\/div>\n\t\t\t\t<\/div>\n\t\t\t\t<div class=\"elementor-element elementor-element-0ad346d elementor-widget elementor-widget-text-editor\" data-id=\"0ad346d\" data-element_type=\"widget\" data-widget_type=\"text-editor.default\">\n\t\t\t\t<div class=\"elementor-widget-container\">\n\t\t\t\t\t\t\t\t\t<p>Chapelle construite dans le cimeti\u00e8re en 1932, \u00e0 la demande de G\u00e9rard de Berny, s\u00e9nateur de la Somme pour remplacer un monument d\u00e9di\u00e9 \u00e0 sa famille.&nbsp;<\/p><p>Elle est l\u2019\u0153uvre de l\u2019architecte Pierre Ansart, de son fils G\u00e9rard et de l\u2019atelier Gaudin de Paris.<\/p>\n<p>Le d\u00e9cor int\u00e9rieur est remarquable pour sa danse macabre en mosa\u00efque qui parcourt la partie inf\u00e9rieure des murs.&nbsp;<\/p><p>Elle est le reflet d\u2019un contexte o\u00f9 la mort \u00e9tait tr\u00e8s pr\u00e9sente pendant la Grande Guerre, et d\u2019une satire sociale qui d\u00e9finit l\u2019\u00e9galit\u00e9 de tous devant la mort.<\/p>\t\t\t\t\t\t\t\t<\/div>\n\t\t\t\t<\/div>\n\t\t\t\t<\/div>\n\t\t<div class=\"elementor-element elementor-element-395094c e-con-full e-flex e-con e-child\" data-id=\"395094c\" data-element_type=\"container\">\n\t\t\t\t<div class=\"elementor-element elementor-element-fbd414f elementor-widget elementor-widget-image\" data-id=\"fbd414f\" data-element_type=\"widget\" data-widget_type=\"image.default\">\n\t\t\t\t<div class=\"elementor-widget-container\">\n\t\t\t\t\t\t\t\t\t\t\t\t\t\t\t<img loading=\"lazy\" decoding=\"async\" width=\"800\" height=\"600\" src=\"https:\/\/noyon-tourisme.com\/wp-content\/uploads\/2024\/02\/Tombeau_Danse_Macabre_office_tourisme_noyon-1024x768.jpg\" class=\"attachment-large size-large wp-image-87820\" alt=\"Tombeau Office de Tourisme du Pays Noyonnais\" srcset=\"https:\/\/noyon-tourisme.com\/wp-content\/uploads\/2024\/02\/Tombeau_Danse_Macabre_office_tourisme_noyon-1024x768.jpg 1024w, https:\/\/noyon-tourisme.com\/wp-content\/uploads\/2024\/02\/Tombeau_Danse_Macabre_office_tourisme_noyon-300x225.jpg 300w, https:\/\/noyon-tourisme.com\/wp-content\/uploads\/2024\/02\/Tombeau_Danse_Macabre_office_tourisme_noyon-768x576.jpg 768w, https:\/\/noyon-tourisme.com\/wp-content\/uploads\/2024\/02\/Tombeau_Danse_Macabre_office_tourisme_noyon-16x12.jpg 16w, https:\/\/noyon-tourisme.com\/wp-content\/uploads\/2024\/02\/Tombeau_Danse_Macabre_office_tourisme_noyon-320x240.jpg 320w, https:\/\/noyon-tourisme.com\/wp-content\/uploads\/2024\/02\/Tombeau_Danse_Macabre_office_tourisme_noyon.jpg 1280w\" sizes=\"(max-width: 800px) 100vw, 800px\" title=\"\" \/>\t\t\t\t\t\t\t\t\t\t\t\t\t\t\t<\/div>\n\t\t\t\t<\/div>\n\t\t\t\t<\/div>\n\t\t\t\t\t<\/div>\n\t\t\t\t<\/div>\n\t\t<div class=\"elementor-element elementor-element-27a9a0d e-flex e-con-boxed e-con e-parent\" data-id=\"27a9a0d\" data-element_type=\"container\" data-settings=\"{&quot;background_background&quot;:&quot;classic&quot;}\">\n\t\t\t\t\t<div class=\"e-con-inner\">\n\t\t<div class=\"elementor-element elementor-element-61b3909 e-con-full e-flex e-con e-child\" data-id=\"61b3909\" data-element_type=\"container\">\n\t\t\t\t<div class=\"elementor-element elementor-element-a7a027c elementor-widget elementor-widget-image\" data-id=\"a7a027c\" data-element_type=\"widget\" data-widget_type=\"image.default\">\n\t\t\t\t<div class=\"elementor-widget-container\">\n\t\t\t\t\t\t\t\t\t\t\t\t\t\t\t<img alt=\"\" loading=\"lazy\" decoding=\"async\" width=\"768\" height=\"1024\" src=\"https:\/\/noyon-tourisme.com\/wp-content\/uploads\/2026\/02\/Saint-Medard-Salency-1-768x1024.jpeg\" class=\"attachment-large size-large wp-image-867321\" srcset=\"https:\/\/noyon-tourisme.com\/wp-content\/uploads\/2026\/02\/Saint-Medard-Salency-1-768x1024.jpeg 768w, https:\/\/noyon-tourisme.com\/wp-content\/uploads\/2026\/02\/Saint-Medard-Salency-1-225x300.jpeg 225w, https:\/\/noyon-tourisme.com\/wp-content\/uploads\/2026\/02\/Saint-Medard-Salency-1-300x400.jpeg 300w, https:\/\/noyon-tourisme.com\/wp-content\/uploads\/2026\/02\/Saint-Medard-Salency-1-1152x1536.jpeg 1152w, https:\/\/noyon-tourisme.com\/wp-content\/uploads\/2026\/02\/Saint-Medard-Salency-1-scaled.jpeg 1536w, https:\/\/noyon-tourisme.com\/wp-content\/uploads\/2026\/02\/Saint-Medard-Salency-1-9x12.jpeg 9w\" sizes=\"(max-width: 768px) 100vw, 768px\" title=\"\" \/>\t\t\t\t\t\t\t\t\t\t\t\t\t\t\t<\/div>\n\t\t\t\t<\/div>\n\t\t\t\t<\/div>\n\t\t<div class=\"elementor-element elementor-element-5e9fe4c e-con-full e-flex e-con e-child\" data-id=\"5e9fe4c\" data-element_type=\"container\">\n\t\t\t\t<div class=\"elementor-element elementor-element-69d2115 animated-slow elementor-invisible elementor-widget elementor-widget-heading\" data-id=\"69d2115\" data-element_type=\"widget\" data-settings=\"{&quot;_animation&quot;:&quot;slideInUp&quot;}\" data-widget_type=\"heading.default\">\n\t\t\t\t<div class=\"elementor-widget-container\">\n\t\t\t\t\t<h2 class=\"elementor-heading-title elementor-size-default\">Salency, dans les pas de Saint M\u00e9dard<\/h2>\t\t\t\t<\/div>\n\t\t\t\t<\/div>\n\t\t\t\t<div class=\"elementor-element elementor-element-20132e2 elementor-widget elementor-widget-text-editor\" data-id=\"20132e2\" data-element_type=\"widget\" data-widget_type=\"text-editor.default\">\n\t\t\t\t<div class=\"elementor-widget-container\">\n\t\t\t\t\t\t\t\t\t<p>A cinq minutes de Noyon, se trouve le village de Salency.<\/p><p>Si les pentes bois\u00e9es ont perdu leurs vignes et si de son ch\u00e2teau m\u00e9di\u00e9val ne demeurent que les deux tours du portail d\u2019entr\u00e9e, la balade en vaut cependant le d\u00e9tour.<\/p><p>C\u2019est ici, en 456, que naquit Saint M\u00e9dard, \u00e9v\u00eaque de Noyon. Son souvenir reste tr\u00e8s vivant \u00e0 Salency, particuli\u00e8rement sur l\u2019esplanade de l\u2019\u00e9glise. Une statue le montre tenant \u00e0 la main une couronne de roses qui rappelle l\u2019origine d\u2019une coutume\u00a0: l\u2019institution de la Rosi\u00e8re. Il voulait r\u00e9compenser, en la dotant et en la mettant \u00e0 l\u2019honneur, une jeune fille m\u00e9ritante et vertueuse. Pour \u00eatre s\u00fbr de ne pas se tromper, la premi\u00e8re rosi\u00e8re qu\u2019il couronna lui-m\u00eame fut sa propre s\u0153ur\u00a0!<\/p><p>Tout pr\u00e8s de l\u2019\u00e9glise se dresse une petite chapelle \u00e9difi\u00e9e, dit-on, \u00e0 l\u2019emplacement de sa maison natale.<\/p>\t\t\t\t\t\t\t\t<\/div>\n\t\t\t\t<\/div>\n\t\t\t\t<\/div>\n\t\t\t\t\t<\/div>\n\t\t\t\t<\/div>\n\t\t<div class=\"elementor-element elementor-element-901da4c e-flex e-con-boxed e-con e-parent\" data-id=\"901da4c\" data-element_type=\"container\" data-settings=\"{&quot;background_background&quot;:&quot;classic&quot;}\">\n\t\t\t\t\t<div class=\"e-con-inner\">\n\t\t<div class=\"elementor-element elementor-element-a43de23 e-con-full e-flex e-con e-child\" data-id=\"a43de23\" data-element_type=\"container\">\n\t\t\t\t<div class=\"elementor-element elementor-element-1b626dd animated-slow elementor-invisible elementor-widget elementor-widget-heading\" data-id=\"1b626dd\" data-element_type=\"widget\" data-settings=\"{&quot;_animation&quot;:&quot;slideInUp&quot;}\" data-widget_type=\"heading.default\">\n\t\t\t\t<div class=\"elementor-widget-container\">\n\t\t\t\t\t<h2 class=\"elementor-heading-title elementor-size-default\">m\u00c9morial noyonnais de la r\u00c9sistance et de la d\u00c9portation<\/h2>\t\t\t\t<\/div>\n\t\t\t\t<\/div>\n\t\t\t\t<div class=\"elementor-element elementor-element-fe2294e elementor-widget elementor-widget-text-editor\" data-id=\"fe2294e\" data-element_type=\"widget\" data-widget_type=\"text-editor.default\">\n\t\t\t\t<div class=\"elementor-widget-container\">\n\t\t\t\t\t\t\t\t\t<p>\u00c0 mi-chemin entre les anciens cantons de Noyon et de Guiscard, le m\u00e9morial occupe une place centrale parmi les hauts lieux de m\u00e9moire en Picardie.&nbsp;<\/p><p>Son emplacement, \u00e0 Crisolles, est hautement symbolique. Le bois situ\u00e9 entre Crisolles et Salency fut un lieu majeur de la R\u00e9sistance locale : le 6 juin 1944, il devint le point de rassemblement des r\u00e9sistants \u00e0 l&rsquo;annonce du D\u00e9barquement, il arbitra le maquis des Usages, il servit de cache d&rsquo;armes, de zone de passage pour les agents de liaison entre l&rsquo;Aisne et l&rsquo;Oise, et de refuge pour les r\u00e9sistants traqu\u00e9s. L&rsquo;attaque du maquis provoqua une r\u00e9pression massive : arrestations, rafles \u00e0 Salency et Caisnes, et la d\u00e9portation de nombreux Noyonnais dans les camps nazis.<\/p><p>Aujourd&rsquo;hui, le m\u00e9morial rend hommage \u00e0 ces r\u00e9sisitants et \u00e0 ces civils. Con\u00e7u comme un espace \u00e0 la fois min\u00e9ral et v\u00e9g\u00e9tal, il associe m\u00e9moire, transmission et recueillement, afin de pr\u00e9server le souvenir et de le transmettre aux g\u00e9n\u00e9rations futures.&nbsp;<\/p>\t\t\t\t\t\t\t\t<\/div>\n\t\t\t\t<\/div>\n\t\t\t\t<\/div>\n\t\t<div class=\"elementor-element elementor-element-8cf7249 e-con-full e-flex e-con e-child\" data-id=\"8cf7249\" data-element_type=\"container\">\n\t\t\t\t<div class=\"elementor-element elementor-element-ff08a4d elementor-widget elementor-widget-image\" data-id=\"ff08a4d\" data-element_type=\"widget\" data-widget_type=\"image.default\">\n\t\t\t\t<div class=\"elementor-widget-container\">\n\t\t\t\t\t\t\t\t\t\t\t\t\t\t\t\t<a href=\"https:\/\/memorialnoyonnais.fr\/\">\n\t\t\t\t\t\t\t<img alt=\"\" loading=\"lazy\" decoding=\"async\" width=\"800\" height=\"600\" src=\"https:\/\/noyon-tourisme.com\/wp-content\/uploads\/2026\/02\/memorial-crisolles-1-1024x768.jpg\" class=\"attachment-large size-large wp-image-867335\" srcset=\"https:\/\/noyon-tourisme.com\/wp-content\/uploads\/2026\/02\/memorial-crisolles-1-1024x768.jpg 1024w, https:\/\/noyon-tourisme.com\/wp-content\/uploads\/2026\/02\/memorial-crisolles-1-300x225.jpg 300w, https:\/\/noyon-tourisme.com\/wp-content\/uploads\/2026\/02\/memorial-crisolles-1-768x576.jpg 768w, https:\/\/noyon-tourisme.com\/wp-content\/uploads\/2026\/02\/memorial-crisolles-1-1536x1152.jpg 1536w, https:\/\/noyon-tourisme.com\/wp-content\/uploads\/2026\/02\/memorial-crisolles-1-16x12.jpg 16w, https:\/\/noyon-tourisme.com\/wp-content\/uploads\/2026\/02\/memorial-crisolles-1-320x240.jpg 320w, https:\/\/noyon-tourisme.com\/wp-content\/uploads\/2026\/02\/memorial-crisolles-1.jpg 1600w\" sizes=\"(max-width: 800px) 100vw, 800px\" title=\"\" \/>\t\t\t\t\t\t\t\t<\/a>\n\t\t\t\t\t\t\t\t\t\t\t\t\t\t\t<\/div>\n\t\t\t\t<\/div>\n\t\t\t\t<\/div>\n\t\t\t\t\t<\/div>\n\t\t\t\t<\/div>\n\t\t<div class=\"elementor-element elementor-element-7cebf22 e-con-full e-flex e-con e-parent\" data-id=\"7cebf22\" data-element_type=\"container\" data-settings=\"{&quot;background_background&quot;:&quot;classic&quot;}\">\n\t\t<div class=\"elementor-element elementor-element-aefb1b5 e-con-full e-flex e-con e-child\" data-id=\"aefb1b5\" data-element_type=\"container\">\n\t\t\t\t<div class=\"elementor-element elementor-element-e76a606 elementor-position-left elementor-vertical-align-middle elementor-widget__width-initial elementor-view-default elementor-mobile-position-top elementor-widget elementor-widget-icon-box\" data-id=\"e76a606\" data-element_type=\"widget\" data-widget_type=\"icon-box.default\">\n\t\t\t\t<div class=\"elementor-widget-container\">\n\t\t\t\t\t\t\t<div class=\"elementor-icon-box-wrapper\">\n\n\t\t\t\t\t\t<div class=\"elementor-icon-box-icon\">\n\t\t\t\t<a href=\"https:\/\/noyon-tourisme.com\/en\/les-10-bonnes-raisons-de-nous-rendre-visite\/\" class=\"elementor-icon\" tabindex=\"-1\" aria-label=\"Les 10 bonnes raisons de nous rendre visite\">\n\t\t\t\t<svg aria-hidden=\"true\" class=\"e-font-icon-svg e-fas-chevron-left\" viewbox=\"0 0 320 512\" xmlns=\"http:\/\/www.w3.org\/2000\/svg\"><path d=\"M34.52 239.03L228.87 44.69c9.37-9.37 24.57-9.37 33.94 0l22.67 22.67c9.36 9.36 9.37 24.52.04 33.9L131.49 256l154.02 154.75c9.34 9.38 9.32 24.54-.04 33.9l-22.67 22.67c-9.37 9.37-24.57 9.37-33.94 0L34.52 272.97c-9.37-9.37-9.37-24.57 0-33.94z\"><\/path><\/svg>\t\t\t\t<\/a>\n\t\t\t<\/div>\n\t\t\t\n\t\t\t\t\t\t<div class=\"elementor-icon-box-content\">\n\n\t\t\t\t\t\t\t\t\t<h3 class=\"elementor-icon-box-title\">\n\t\t\t\t\t\t<a href=\"https:\/\/noyon-tourisme.com\/en\/les-10-bonnes-raisons-de-nous-rendre-visite\/\" >\n\t\t\t\t\t\t\tLes 10 bonnes raisons de nous rendre visite\t\t\t\t\t\t<\/a>\n\t\t\t\t\t<\/h3>\n\t\t\t\t\n\t\t\t\t\n\t\t\t<\/div>\n\t\t\t\n\t\t<\/div>\n\t\t\t\t\t\t<\/div>\n\t\t\t\t<\/div>\n\t\t\t\t<\/div>\n\t\t<div class=\"elementor-element elementor-element-e11c315 e-con-full e-flex e-con e-child\" data-id=\"e11c315\" data-element_type=\"container\">\n\t\t\t\t<\/div>\n\t\t<div class=\"elementor-element elementor-element-4f63949 e-con-full e-flex e-con e-child\" data-id=\"4f63949\" data-element_type=\"container\">\n\t\t\t\t<div class=\"elementor-element elementor-element-6f0cd38 elementor-position-right elementor-vertical-align-middle elementor-view-default elementor-mobile-position-top elementor-widget elementor-widget-icon-box\" data-id=\"6f0cd38\" data-element_type=\"widget\" data-widget_type=\"icon-box.default\">\n\t\t\t\t<div class=\"elementor-widget-container\">\n\t\t\t\t\t\t\t<div class=\"elementor-icon-box-wrapper\">\n\n\t\t\t\t\t\t<div class=\"elementor-icon-box-icon\">\n\t\t\t\t<a href=\"https:\/\/noyon-tourisme.com\/en\/se-deplacer\/\" class=\"elementor-icon\" tabindex=\"-1\" aria-label=\"Se d\u00e9placer\">\n\t\t\t\t<svg aria-hidden=\"true\" class=\"e-font-icon-svg e-fas-chevron-right\" viewbox=\"0 0 320 512\" xmlns=\"http:\/\/www.w3.org\/2000\/svg\"><path d=\"M285.476 272.971L91.132 467.314c-9.373 9.373-24.569 9.373-33.941 0l-22.667-22.667c-9.357-9.357-9.375-24.522-.04-33.901L188.505 256 34.484 101.255c-9.335-9.379-9.317-24.544.04-33.901l22.667-22.667c9.373-9.373 24.569-9.373 33.941 0L285.475 239.03c9.373 9.372 9.373 24.568.001 33.941z\"><\/path><\/svg>\t\t\t\t<\/a>\n\t\t\t<\/div>\n\t\t\t\n\t\t\t\t\t\t<div class=\"elementor-icon-box-content\">\n\n\t\t\t\t\t\t\t\t\t<h3 class=\"elementor-icon-box-title\">\n\t\t\t\t\t\t<a href=\"https:\/\/noyon-tourisme.com\/en\/se-deplacer\/\" >\n\t\t\t\t\t\t\tSe d\u00e9placer\t\t\t\t\t\t<\/a>\n\t\t\t\t\t<\/h3>\n\t\t\t\t\n\t\t\t\t\n\t\t\t<\/div>\n\t\t\t\n\t\t<\/div>\n\t\t\t\t\t\t<\/div>\n\t\t\t\t<\/div>\n\t\t\t\t<\/div>\n\t\t\t\t<\/div>\n\t\t\t\t<\/div>","protected":false},"excerpt":{"rendered":"<p>Les incontournables La Cath\u00e9drale de Noyon, une pure merveille ! Cette doyenne des cath\u00e9drales gothiques du nord de la France a vu sa premi\u00e8re pierre pos\u00e9e pr\u00e8s de\u00a020 ans avant celle de Notre-Dame de Paris, en 1145, elle est un v\u00e9ritable chef-d\u2019\u0153uvre du premier art gothique. Install\u00e9e sur le point le plus \u00e9lev\u00e9 de la<\/p>","protected":false},"author":1,"featured_media":0,"parent":0,"menu_order":0,"comment_status":"closed","ping_status":"closed","template":"","meta":{"_seopress_robots_primary_cat":"","_seopress_titles_title":"","_seopress_titles_desc":"D\u00e9couvrez les incontournables de Noyon avec notre guide touristique. Cath\u00e9drale, mus\u00e9es, sites historiques... Planifiez votre visite d\u00e8s maintenant !","_seopress_robots_index":"","_rtcl_gb_attr":"","footnotes":""},"class_list":["post-65572","page","type-page","status-publish","hentry"],"_links":{"self":[{"href":"https:\/\/noyon-tourisme.com\/en\/wp-json\/wp\/v2\/pages\/65572","targetHints":{"allow":["GET"]}}],"collection":[{"href":"https:\/\/noyon-tourisme.com\/en\/wp-json\/wp\/v2\/pages"}],"about":[{"href":"https:\/\/noyon-tourisme.com\/en\/wp-json\/wp\/v2\/types\/page"}],"author":[{"embeddable":true,"href":"https:\/\/noyon-tourisme.com\/en\/wp-json\/wp\/v2\/users\/1"}],"replies":[{"embeddable":true,"href":"https:\/\/noyon-tourisme.com\/en\/wp-json\/wp\/v2\/comments?post=65572"}],"version-history":[{"count":12,"href":"https:\/\/noyon-tourisme.com\/en\/wp-json\/wp\/v2\/pages\/65572\/revisions"}],"predecessor-version":[{"id":959690,"href":"https:\/\/noyon-tourisme.com\/en\/wp-json\/wp\/v2\/pages\/65572\/revisions\/959690"}],"wp:attachment":[{"href":"https:\/\/noyon-tourisme.com\/en\/wp-json\/wp\/v2\/media?parent=65572"}],"curies":[{"name":"wp","href":"https:\/\/api.w.org\/{rel}","templated":true}]}}